{"id":11385,"date":"2025-02-24T08:45:07","date_gmt":"2025-02-24T13:45:07","guid":{"rendered":"http:\/\/localhost\/wordpress\/?page_id=11385"},"modified":"2026-01-13T07:55:55","modified_gmt":"2026-01-13T12:55:55","slug":"frequent-questions","status":"publish","type":"page","link":"https:\/\/parquejaimeduque.com\/en\/preguntas-frecuentes\/","title":{"rendered":"Frequently Asked Questions"},"content":{"rendered":"\t\t<div data-elementor-type=\"wp-page\" data-elementor-id=\"11385\" class=\"elementor elementor-11385\" data-elementor-post-type=\"page\">\n\t\t\t\t<div class=\"elementor-element elementor-element-f0db4dc e-flex e-con-boxed e-con e-parent \" data-id=\"f0db4dc\" data-element_type=\"container\" data-e-type=\"container\">\t\t\t<div class=\"e-con-inner\">\r\n\t\t\t\t<div class=\"elementor-element elementor-element-435a69c elementor-widget elementor-widget-text-editor\" data-id=\"435a69c\" data-element_type=\"widget\" data-e-type=\"widget\" data-widget_type=\"text-editor.default\">\n\t\t\t\t\t\t\t\t\t<p><span style=\"font-size: 24px;\">Gracias por visitarnos, a continuaci\u00f3n resolvemos las preguntas o dudas m\u00e1s frecuentes de nuestros visitantes, si tu inquietud no se encuentra aqu\u00ed no dudes en contactarnos.<\/span><\/p>\t\t\t\t\t\t\t\t<\/div>\n\t\t\t\t\t<\/div>\r\n\t\t\t\t<\/div>\r\n\t\t<div class=\"elementor-element elementor-element-686ee53 e-flex e-con-boxed e-con e-parent \" data-id=\"686ee53\" data-element_type=\"container\" data-e-type=\"container\">\t\t\t<div class=\"e-con-inner\">\r\n\t\t\t\t<div class=\"elementor-element elementor-element-dd81176 elementor-widget elementor-widget-ucaddon_content_accordion\" data-id=\"dd81176\" data-element_type=\"widget\" data-e-type=\"widget\" data-widget_type=\"ucaddon_content_accordion.default\">\n\t\t\t\t<div class=\"elementor-widget-container\">\n\t\t\t\t\t\n<!-- start Content Accordion -->\n\t\t<link id='font-awesome-css' href='https:\/\/parquejaimeduque.com\/wp-content\/plugins\/unlimited-elements-for-elementor\/assets_libraries\/font-awesome6\/fontawesome-all.min.css' type='text\/css' rel='stylesheet' >\n\t\t<link id='font-awesome-4-shim-css' href='https:\/\/parquejaimeduque.com\/wp-content\/plugins\/unlimited-elements-for-elementor\/assets_libraries\/font-awesome6\/fontawesome-v4-shims.min.css' type='text\/css' rel='stylesheet' >\n\n<style>\/* widget: Content Accordion *\/\n\n\r\n@keyframes uc_content_accordion_elementor_dd81176__item-animation {\r\n  0% {\r\n            transform: translateX(-50px);\r\n        \t\r\n    \t    opacity: 0;\r\n  }\r\n  100% {\r\n            transform: translateX(0px);\r\n        \t\r\n    \t\topacity: 1;\r\n  }\r\n}\r\n\r\n\r\n#uc_content_accordion_elementor_dd81176 .uc_ac_box{\r\n\topacity:0;\r\n}\r\n\r\n\r\n#uc_content_accordion_elementor_dd81176 .uc-entrance-animate {\r\n  opacity:1;\r\n}\r\n\r\n#uc_content_accordion_elementor_dd81176 .uc-entrance-animate {\r\n\tanimation: uc_content_accordion_elementor_dd81176__item-animation 0.6s cubic-bezier(0.470, 0.000, 0.745, 0.715) both;\r\n}\r\n\r\n\t\t\t\n\n#uc_content_accordion_elementor_dd81176 *{\n  box-sizing: border-box;\n}\n\n#uc_content_accordion_elementor_dd81176 .ue_heading_title{\n  margin:0;\n  flex-grow:1;\n  display:flex;\n  flex-direction:row;\n}\n\n#uc_content_accordion_elementor_dd81176 .uc_container .uc-heading{\n\tdisplay:flex;\n    align-items:center;\n\toverflow:hidden;\n\tcursor:pointer;  \n}\n\n#uc_content_accordion_elementor_dd81176 .uc_container .uc_content{\n    display:none;\n}\n\n#uc_content_accordion_elementor_dd81176 .uc_container .uc-heading span.ue_accordion_icon{\n\tdisplay:flex;\n    align-items:center;\n   \tjustify-content:center;\n    flex-grow:0;\n    flex-shrink:0;\n}\n\n#uc_content_accordion_elementor_dd81176 .uc_ac_box.uc-item-active span.uc_dactive{\n\tdisplay:none;\n}\n\n#uc_content_accordion_elementor_dd81176 .uc_ac_box:not(.uc-item-active) span.uc_active{\n\tdisplay:none;\n}\n\n#uc_content_accordion_elementor_dd81176 span.ue_accordion_icon svg{\n  height:1em;\n  width:1em;\n}\n\n#uc_content_accordion_elementor_dd81176 .uc_container .uc_btn {\n    text-align: center;\n    display: inline-block;\n    text-decoration: none;\n    transition: ease-in-out all 0.25s;\n}\n\n#uc_content_accordion_elementor_dd81176 .ue-item-image img{\n  width:100%;\n  display:block;\n  object-fit:cover;\n}\n\n<\/style>\n\n<div class=\"uc_material_accordion  \"  id=\"uc_content_accordion_elementor_dd81176\"  data-name=\"\" data-scroll=\"desktop\" data-offset=\"0\" data-closeothers=\"false\" data-set-hash=\"false\" data-transition-duration=\"400\" >\n  <div class=\"uc_container uc-items-wrapper\">\n    \n\n\n\n\n<div id=\"#ue-tab1\" class=\"uc_ac_box elementor-repeater-item-e276371 \" style=\"background-color:;\">\n  <a href=\"javascript:void(0)\" class=\"uc-heading uc_trigger\" role=\"button\">\n    <span class=\"uc_dactive bbb ue_accordion_icon\"><i class='fas fa-plus'><\/i><\/span> \n    <span class=\"uc_active bbb ue_accordion_icon\"><i class='fas fa-minus'><\/i><\/span>\n    <div class=\"ue_heading_title\">\u00bfQue experiencia puedo adquirir en mi visita?<\/div>\n  <\/a>\n  \n  <div class=\"uc_content\" >\n        \n      \n         \n                        \n              <div class=\"ue-item-title\">\u00bfQue experiencia puedo adquirir en mi visita?<\/div>\n      \n              <div class=\"ue-item-text\"><div class=\"elementor-element elementor-element-87b6634 e-con-full e-flex e-con e-child\" role=\"region\" aria-labelledby=\"e-n-accordion-item-4710\" data-id=\"87b6634\" data-element_type=\"container\" data-settings=\"{&quot;_ob_use_container_extras&quot;:&quot;no&quot;,&quot;_ob_column_hoveranimator&quot;:&quot;no&quot;,&quot;_ob_glider_is_slider&quot;:&quot;no&quot;,&quot;_ob_column_has_pseudo&quot;:&quot;no&quot;}\"><p><span style=\"font-size: 12pt;\"><big>Para tu ingreso podr\u00e1s adquirir la Experiencia Legado que incluye la visita a todas las zonas y las atracciones del Parque excepto las especiales que son Tren de los Andes y Recorrido en Ecobicicletas por la Reserva Natural Ecoparque Sabana.<\/big><\/span><\/p><div class=\"elementor-element elementor-element-5a73242 ob-harakiri-inherit ob-has-background-overlay elementor-widget elementor-widget-text-editor ob-harakiri\" data-id=\"5a73242\" data-element_type=\"widget\" data-settings=\"{&quot;_ob_use_harakiri&quot;:&quot;yes&quot;,&quot;_ob_harakiri_writing_mode&quot;:&quot;inherit&quot;,&quot;_ob_postman_use&quot;:&quot;no&quot;,&quot;_ob_widget_stalker_use&quot;:&quot;no&quot;,&quot;_ob_poopart_use&quot;:&quot;yes&quot;,&quot;_ob_shadough_use&quot;:&quot;no&quot;,&quot;_ob_allow_hoveranimator&quot;:&quot;no&quot;}\" data-widget_type=\"text-editor.default\"><div class=\"elementor-widget-container\"><div class=\"vc_toggle_content\"><p><span style=\"font-size: 14pt;\"><strong>GRATIS<\/strong>: Los ni\u00f1os con estatura menor a 85 cent\u00edmetros podr\u00e1n ingresar gratis (la estatura ser\u00e1 verificada en taquilla).<\/span><\/p><\/div><\/div><\/div><\/div><\/div>\n      \n              \n      <\/div> \n<\/div>\n\n\n\n\n\n<div id=\"#ue-tab2\" class=\"uc_ac_box elementor-repeater-item-be2517f \" style=\"background-color:;\">\n  <a href=\"javascript:void(0)\" class=\"uc-heading uc_trigger\" role=\"button\">\n    <span class=\"uc_dactive bbb ue_accordion_icon\"><i class='fas fa-plus'><\/i><\/span> \n    <span class=\"uc_active bbb ue_accordion_icon\"><i class='fas fa-minus'><\/i><\/span>\n    <div class=\"ue_heading_title\">\u00bfCu\u00e1les son los horarios de servicio de la Fundaci\u00f3n Parque Jaime Duque? <\/div>\n  <\/a>\n  \n  <div class=\"uc_content\" >\n        \n      \n         \n                        \n              <div class=\"ue-item-title\">\u00bfCu\u00e1les son los horarios de servicio de la Fundaci\u00f3n Parque Jaime Duque? <\/div>\n      \n              <div class=\"ue-item-text\"><div class=\"elementor-element elementor-element-c532305 e-con-full e-flex e-con e-child\" role=\"region\" aria-labelledby=\"e-n-accordion-item-4711\" data-id=\"c532305\" data-element_type=\"container\" data-settings=\"{&quot;_ob_use_container_extras&quot;:&quot;no&quot;,&quot;_ob_column_hoveranimator&quot;:&quot;no&quot;,&quot;_ob_glider_is_slider&quot;:&quot;no&quot;,&quot;_ob_column_has_pseudo&quot;:&quot;no&quot;}\"><p><span style=\"font-size: 14px;\"><big>Nuestro servicio habitual es mi\u00e9rcoles, jueves y viernes de 9:00 am a 5:00 pm; s\u00e1bados, domingos y d\u00edas festivos de 10:00 am a 6:00 pm.<\/big><\/span><\/p><p><em><strong><span style=\"font-size: 14px;\"><big>*Desde el 29 de enero hasta el 26 de marzo no tendremos servicio los mi\u00e9rcoles.<\/big><\/span><\/strong><\/em><\/p><\/div><\/div>\n      \n              \n      <\/div> \n<\/div>\n\n\n\n\n\n<div id=\"#ue-tab3\" class=\"uc_ac_box elementor-repeater-item-6a622fc \" style=\"background-color:;\">\n  <a href=\"javascript:void(0)\" class=\"uc-heading uc_trigger\" role=\"button\">\n    <span class=\"uc_dactive bbb ue_accordion_icon\"><i class='fas fa-plus'><\/i><\/span> \n    <span class=\"uc_active bbb ue_accordion_icon\"><i class='fas fa-minus'><\/i><\/span>\n    <div class=\"ue_heading_title\">\u00bfC\u00f3mo puedo llegar a la Fundaci\u00f3n Parque Jaime Duque? <\/div>\n  <\/a>\n  \n  <div class=\"uc_content\" >\n        \n      \n         \n                        \n              <div class=\"ue-item-title\">\u00bfC\u00f3mo puedo llegar a la Fundaci\u00f3n Parque Jaime Duque? <\/div>\n      \n              <div class=\"ue-item-text\"><p>Si nos visitas <strong>desde la ciudad de Bogot\u00e1<\/strong>, en la Estaci\u00f3n Terminal del Norte podr\u00e1s acceder al servicio de transporte intermunicipal con destino a Tocancip\u00e1, posterior a esto culminar el recorrido en la glorieta del restaurante Arrieros, desde all\u00ed caminar\u00e1s aproximadamente cinco minutos para encontrar la entrada peatonal del Parque.<\/p><p><strong>Desde el municipio de Zipaquir\u00e1<\/strong> en el terminal de transportes podr\u00e1s acceder al servicio de transporte con destino a Sop\u00f3, este bus te dejar\u00e1 frente a la puerta peatonal del Parque.<\/p><p>En el caso del <strong>municipio de Ch\u00eda<\/strong>, en el puente peatonal de la Cl\u00ednica de la Sabana podr\u00e1s acceder al servicio de transporte con destino a Tocancip\u00e1.<\/p><p>Desde el <strong>municipio de Cajic\u00e1<\/strong>, podr\u00e1s acceder al servicio intermunicipal con destino a Sop\u00f3 y caminar desde Brice\u00f1o aproximadamente 15 minutos hasta el ingreso peatonal del Parque.<\/p><p>Si nos visitas desde <strong>otras regiones de nuestro pa\u00eds<\/strong>, desde el Terminal de Transporte de Bogot\u00e1 podr\u00e1s acceder al transporte intermunicipal con destino a Tocancip\u00e1, el recorrido aproximado es de 60 minutos.<\/p><\/div>\n      \n              \n      <\/div> \n<\/div>\n\n\n\n\n\n<div id=\"#ue-tab4\" class=\"uc_ac_box elementor-repeater-item-9983621 \" style=\"background-color:;\">\n  <a href=\"javascript:void(0)\" class=\"uc-heading uc_trigger\" role=\"button\">\n    <span class=\"uc_dactive bbb ue_accordion_icon\"><i class='fas fa-plus'><\/i><\/span> \n    <span class=\"uc_active bbb ue_accordion_icon\"><i class='fas fa-minus'><\/i><\/span>\n    <div class=\"ue_heading_title\">\u00bfQu\u00e9 convenios y descuentos maneja actualmente la Fundaci\u00f3n Parque Jaime Duque?<\/div>\n  <\/a>\n  \n  <div class=\"uc_content\" >\n        \n      \n         \n                        \n              <div class=\"ue-item-title\">\u00bfQu\u00e9 convenios y descuentos maneja actualmente la Fundaci\u00f3n Parque Jaime Duque?<\/div>\n      \n              <div class=\"ue-item-text\"><p>Actualmente en nuestro ingreso manejamos los siguientes convenios, descuentos y cortes\u00edas:<\/p><ul><li>Convenio Coomeva: Podr\u00e1s aplicar a este convenio directamente en las oficinas de la entidad, es v\u00e1lido \u00fanicamente para experiencia legado.<\/li><li>Convenio Hotel Pop Art: 25% de descuento en experiencia legado para hu\u00e9spedes.<\/li><li>Convenio Hotel Bacat\u00e1: 25% de descuento en experiencia legado para hu\u00e9spedes.<\/li><li>Convenio Hotel Villa Mercedes: 25% de descuento en experiencia legado para hu\u00e9spedes.<\/li><li>Convenio Cacique Real: 25% de descuento en experiencia legado para hu\u00e9spedes.<\/li><li>Descuentos para grupos: Este descuento aplica para grupos de 30 personas en adelante y \u00fanicamente a trav\u00e9s de reserva comunic\u00e1ndose al 6200681 ext. 208 o 106 o a los correos: reservas@parquejaimeduque.com<\/li><\/ul><p>Cortes\u00eda personas en condici\u00f3n de discapacidad: El Parque Jaime Duque ofrece el ingreso gratuito a personas cuya condici\u00f3n m\u00e9dica sea de Discapacidad Permanente, en este caso lo aplicamos presentando el documento de identidad, certificaci\u00f3n o carn\u00e9 m\u00e9dico que certifique la condici\u00f3n (el brazalete solo aplica para la persona en condici\u00f3n de discapacidad, el acompa\u00f1ante debe cancelar su ingreso).<\/p><p>*Los descuentos y convenios NO son acumulables.<\/p><\/div>\n      \n              \n      <\/div> \n<\/div>\n\n\n\n\n\n<div id=\"#ue-tab5\" class=\"uc_ac_box elementor-repeater-item-ace9329 \" style=\"background-color:;\">\n  <a href=\"javascript:void(0)\" class=\"uc-heading uc_trigger\" role=\"button\">\n    <span class=\"uc_dactive bbb ue_accordion_icon\"><i class='fas fa-plus'><\/i><\/span> \n    <span class=\"uc_active bbb ue_accordion_icon\"><i class='fas fa-minus'><\/i><\/span>\n    <div class=\"ue_heading_title\">\u00bfC\u00f3mo hago reservas para empresas, colegios, talleres y\/o celebraciones?<\/div>\n  <\/a>\n  \n  <div class=\"uc_content\" >\n        \n      \n         \n                        \n              <div class=\"ue-item-title\">\u00bfC\u00f3mo hago reservas para empresas, colegios, talleres y\/o celebraciones?<\/div>\n      \n              <div class=\"ue-item-text\"><p>El Parque cuenta con un servicio especial seg\u00fan tu necesidad, para informaci\u00f3n sobre planes empresariales puedes comunicarte al 6200681 ext 106 o a los correos <span style=\"color: #0000ff;\">corporativo@parquejaimeduque.com<\/span> <span style=\"color: #0000ff;\">reservas@parquejaimeduque.com<\/span> en el caso de planes escolares al 6200681 ext. 208 o al correo <span style=\"color: #0000ff;\">evento@parquejaimeduque.com<\/span> Por favor realiza tu comunicaci\u00f3n m\u00ednimo 15 d\u00edas previos a la fecha deseada para la visita.<\/p><p>Manejamos estrategias especiales para las necesidades de nuestros grupos y visitantes. A continuaci\u00f3n mencionaremos algunas de ellas:<\/p><p><strong>Fiestas infantiles:<\/strong> Queremos resaltar la importancia de la familia y los seres que amas, por esta raz\u00f3n manejamos en nuestros restaurantes salones y espacios disponibles para la celebraci\u00f3n de cumplea\u00f1os, seg\u00fan tu necesidad o deseo realizamos decoraci\u00f3n y reserva de alimentaci\u00f3n. Para mayor informaci\u00f3n podr\u00e1s escribir al correo <span style=\"color: #0000ff;\">experiencias@parquejaimeduque.com<\/span> o comunicarte al tel\u00e9fono 314 6 95 90 22<\/p><\/div>\n      \n              \n      <\/div> \n<\/div>\n\n\n\n\n\n<div id=\"#ue-tab6\" class=\"uc_ac_box elementor-repeater-item-46ac5df \" style=\"background-color:;\">\n  <a href=\"javascript:void(0)\" class=\"uc-heading uc_trigger\" role=\"button\">\n    <span class=\"uc_dactive bbb ue_accordion_icon\"><i class='fas fa-plus'><\/i><\/span> \n    <span class=\"uc_active bbb ue_accordion_icon\"><i class='fas fa-minus'><\/i><\/span>\n    <div class=\"ue_heading_title\">\u00bfQu\u00e9 es la Reserva Natural Bioparque Wakat\u00e1?<\/div>\n  <\/a>\n  \n  <div class=\"uc_content\" >\n        \n      \n         \n                        \n              <div class=\"ue-item-title\">\u00bfQu\u00e9 es la Reserva Natural Bioparque Wakat\u00e1?<\/div>\n      \n              <div class=\"ue-item-text\"><p>Wakat\u00e1 significa sagrado,\u00a0 fue transformado por los Muiscas en la palabra Bacat\u00e1, nombre dado a la regi\u00f3n que m\u00e1s adelante se conocer\u00eda como Bogot\u00e1.<\/p><p>Nuestro Bioparque es una reserva ecol\u00f3gica enfocada en el bienestar de especies, principalmente colombianas, en donde podr\u00e1s tener un encuentro con la naturaleza, aprender acerca de la fauna silvestre, sus ecosistemas, y las amenazas \u00a0que enfrentan.<\/p><p>Nuestro prop\u00f3sito es el de mantener altos est\u00e1ndares de bienestar animal, promoviendo el cuidado de la biodiversidad colombiana a trav\u00e9s de proyectos de investigaci\u00f3n y programas de educaci\u00f3n ambiental.<\/p><p><strong>\u00bfDe d\u00f3nde vienen los animales que est\u00e1n en la Reserva Natural Bioparque?<\/strong><\/p><p><strong>Decomisos:<\/strong> La tenencia de animales silvestres como mascotas est\u00e1 prohibida por la ley colombiana, por lo que cuando los animales traficados no pueden volver a su h\u00e1bitat natural, son reubicados en instituciones como la nuestra por las autoridades ambientales.<br \/><strong>Intercambios con otras instituciones:<\/strong> Bioparques de Colombia y el mundo formamos una red de aliados, por lo que podemos traer y enviar animales de y hacia otras instituciones, con el fin de aportar a la conservaci\u00f3n de las especies y mantener poblaciones viables.<br \/><strong>Nacimientos:<\/strong> Muchos de nuestros animales se reproducen de manera natural.<\/p><\/div>\n      \n              \n      <\/div> \n<\/div>\n\n\n\n\n\n<div id=\"#ue-tab7\" class=\"uc_ac_box elementor-repeater-item-521735f \" style=\"background-color:;\">\n  <a href=\"javascript:void(0)\" class=\"uc-heading uc_trigger\" role=\"button\">\n    <span class=\"uc_dactive bbb ue_accordion_icon\"><i class='fas fa-plus'><\/i><\/span> \n    <span class=\"uc_active bbb ue_accordion_icon\"><i class='fas fa-minus'><\/i><\/span>\n    <div class=\"ue_heading_title\">\u00bfQu\u00e9 animales se encuentran en la Reserva Natural Bioparque Wakat\u00e1?<\/div>\n  <\/a>\n  \n  <div class=\"uc_content\" >\n        \n      \n         \n                        \n              <div class=\"ue-item-title\">\u00bfQu\u00e9 animales se encuentran en la Reserva Natural Bioparque Wakat\u00e1?<\/div>\n      \n              <div class=\"ue-item-text\"><p>El Bioparque Wakat\u00e1 es un centro de conservaci\u00f3n, investigaci\u00f3n y educaci\u00f3n que se ha convertido en el hogar para animales que han sido victimas del trafico ilegal de fauna silvestre en Colombia y diferentes lugares del mundo. En nuestros h\u00e1bitats encontramos:<\/p><ul><li>Tropicario: Anaconda, boas, pit\u00f3n molurus, drag\u00f3n espinudo, falsa coral, tortugas (Morrocoy, mata mata, mordedora) ajolote, ranas, papiones de la india, ocelote, cocodrilo del Magdalena y Tit\u00edes cabeciblancos.<\/li><li>Sabana Africana: Hipop\u00f3tamos, avestruces, b\u00fafalos de agua y leones.<\/li><li>Recorrido Zigzag: Tigres, jaguar, tit\u00edes cabeciblancos, venados de cola blanca, pecar\u00edes, llamas, ant\u00edlopes, cabras, conejos, gallinas, pavos, zorro gris y danta de p\u00e1ramo.<\/li><li>Aves: Loros, guacamayas, rey gallinazo, \u00e1guilas, b\u00fahos.<br \/>Islas de Primates. Monos Ara\u00f1a, monos capuchinos, monos maiceros.<\/li><li>Comarca del C\u00f3ndor: Oso Andino, c\u00f3ndor de los Andes, pumas.<\/li><\/ul><\/div>\n      \n              \n      <\/div> \n<\/div>\n\n\n\n\n\n<div id=\"#ue-tab8\" class=\"uc_ac_box elementor-repeater-item-f0bc112 \" style=\"background-color:;\">\n  <a href=\"javascript:void(0)\" class=\"uc-heading uc_trigger\" role=\"button\">\n    <span class=\"uc_dactive bbb ue_accordion_icon\"><i class='fas fa-plus'><\/i><\/span> \n    <span class=\"uc_active bbb ue_accordion_icon\"><i class='fas fa-minus'><\/i><\/span>\n    <div class=\"ue_heading_title\">\u00bfEn qu\u00e9 consiste el servicio de restaurantes, paquetero, parqueadero, y alquiler coches y sillas de ruedas?<\/div>\n  <\/a>\n  \n  <div class=\"uc_content\" >\n        \n      \n         \n                        \n              <div class=\"ue-item-title\">\u00bfEn qu\u00e9 consiste el servicio de restaurantes, paquetero, parqueadero, y alquiler coches y sillas de ruedas?<\/div>\n      \n              <div class=\"ue-item-text\"><div class=\"vc_toggle_content\"><p>\u00a0<\/p><p><span style=\"font-size: 14px;\"><big>Nuestro Parque cuenta con diferentes servicios que te ayudar\u00e1n a vivir una experiencia inolvidable durante tu visita, estos son algunos de ellos:<\/big><\/span><\/p><ul><li><span style=\"font-size: 14px;\"><big>Restaurantes: Al interior del Parque encontrar\u00e1s dos restaurantes (Bocat\u00edpicos y Barbacoa) cuatro cafeter\u00edas (La carreta, Choroticos, carrusel, barbacoa) dos estaciones (Estaci\u00f3n Bioparque y estaci\u00f3n sendero) y un \u00e1rea de platos a la parrilla (La Brasa) enfocados en la cultura gastron\u00f3mica colombiana.<\/big><\/span><\/li><li><span style=\"font-size: 14px;\"><big>Paquetero: Ofrecemos un servicio gratuito de Paqueteros para maletas, cascos para motos y elementos que no requieras para tu visita.<\/big><\/span><\/li><li><span style=\"font-size: 14px;\"><big>Parqueadero: Contamos un servicio de Parqueadero gratuito para veh\u00edculos y motos, en funcionamiento \u00fanicamente para visitantes de la Fundaci\u00f3n Parque Jaime Duque.<\/big><\/span><\/li><li><span style=\"font-size: 14px;\"><big>Alquiler de coches y sillas de ruedas: Este servicio tiene un costo de $17000 el d\u00eda (se deber\u00e1 dejar un dep\u00f3sito de $20.000 el cual ser\u00e1 usado en caso de da\u00f1o en el elemento alquilado), tambi\u00e9n podr\u00e1s cancelarlo por horas del uso que sea necesario. Sin embargo, si tienes tu coche o silla de ruedas propios podr\u00e1s ingresarlos al Parque sin cancelar ning\u00fan valor adicional.<\/big><\/span><\/li><\/ul><\/div><\/div>\n      \n              \n      <\/div> \n<\/div>\n\n\n\n\n\n<div id=\"#ue-tab9\" class=\"uc_ac_box elementor-repeater-item-a33696b \" style=\"background-color:;\">\n  <a href=\"javascript:void(0)\" class=\"uc-heading uc_trigger\" role=\"button\">\n    <span class=\"uc_dactive bbb ue_accordion_icon\"><i class='fas fa-plus'><\/i><\/span> \n    <span class=\"uc_active bbb ue_accordion_icon\"><i class='fas fa-minus'><\/i><\/span>\n    <div class=\"ue_heading_title\">\u00bfPor qu\u00e9 los ni\u00f1os cancelan\/pagan por estatura y no por edad?<\/div>\n  <\/a>\n  \n  <div class=\"uc_content\" >\n        \n      \n         \n                        \n              <div class=\"ue-item-title\">\u00bfPor qu\u00e9 los ni\u00f1os cancelan\/pagan por estatura y no por edad?<\/div>\n      \n              <div class=\"ue-item-text\"><div class=\"vc_toggle_content\"><p><span style=\"font-size: 14px;\"><big>Nuestra reglamentaci\u00f3n de seguridad en atracciones ha sido establecida con estaturas que permitan siempre que nuestro servicio promueva el bienestar de todos los usuarios, por lo que la estatura de 85 cent\u00edmetros ha sido la establecida como m\u00ednima para los Parques infantiles y desde all\u00ed el uso de las dem\u00e1s atracciones del Parque.<\/big><\/span><\/p><p><span style=\"font-size: 14px;\"><big>*Norma 1825 de Ley de Parques de Atracciones.<\/big><\/span><\/p><\/div><\/div>\n      \n              \n      <\/div> \n<\/div>\n\n\n\n\n\n<div id=\"#ue-tab10\" class=\"uc_ac_box elementor-repeater-item-a690f24 \" style=\"background-color:;\">\n  <a href=\"javascript:void(0)\" class=\"uc-heading uc_trigger\" role=\"button\">\n    <span class=\"uc_dactive bbb ue_accordion_icon\"><i class='fas fa-plus'><\/i><\/span> \n    <span class=\"uc_active bbb ue_accordion_icon\"><i class='fas fa-minus'><\/i><\/span>\n    <div class=\"ue_heading_title\">\u00bfQu\u00e9 puedes y qu\u00e9 no puedes ingresar a la Fundaci\u00f3n Parque Jame Duque durante tu visita?<\/div>\n  <\/a>\n  \n  <div class=\"uc_content\" >\n        \n      \n         \n                        \n              <div class=\"ue-item-title\">\u00bfQu\u00e9 puedes y qu\u00e9 no puedes ingresar a la Fundaci\u00f3n Parque Jame Duque durante tu visita?<\/div>\n      \n              <div class=\"ue-item-text\"><p><strong>\u00bfQu\u00e9 puedes ingresar?<\/strong><\/p><p>Pa\u00f1aleras, protector solar, chaquetas, sombrillas, energ\u00eda para un d\u00eda incre\u00edble e inolvidable.<\/p><p><br \/><strong>\u00bfQu\u00e9 no puedes ingresar?<\/strong><\/p><ul><li>Ollas o icopor<\/li><li>Bombas de helio<\/li><li>Gases de color<\/li><li>Mascotas<\/li><li>Elementos deportivos (balones, patinetas convencionales o el\u00e9ctricas., discos, bicicletas, pelotas, arcos, patines, carros el\u00e9ctricos, etc.<\/li><li>Drones<\/li><li>Armas de fuego<\/li><li>Maletas de viaje<\/li><li>Parlantes<\/li><\/ul><\/div>\n      \n              \n      <\/div> \n<\/div>\n\n\n\n\n\n<div id=\"#ue-tab11\" class=\"uc_ac_box elementor-repeater-item-ea597b4 \" style=\"background-color:;\">\n  <a href=\"javascript:void(0)\" class=\"uc-heading uc_trigger\" role=\"button\">\n    <span class=\"uc_dactive bbb ue_accordion_icon\"><i class='fas fa-plus'><\/i><\/span> \n    <span class=\"uc_active bbb ue_accordion_icon\"><i class='fas fa-minus'><\/i><\/span>\n    <div class=\"ue_heading_title\">\u00bfC\u00faal es la diferencia entre la Reserva Natural Bioparque Wakat\u00e1 y la Reserva Natural Ecoparque Sabana?<\/div>\n  <\/a>\n  \n  <div class=\"uc_content\" >\n        \n      \n         \n                        \n              <div class=\"ue-item-title\">\u00bfC\u00faal es la diferencia entre la Reserva Natural Bioparque Wakat\u00e1 y la Reserva Natural Ecoparque Sabana?<\/div>\n      \n              <div class=\"ue-item-text\"><p>Durante tu visita al Parque, disfrutar\u00e1s de zonas naturales \u00fanicas, que te brindar\u00e1n una experiencia en un contexto educativo y cultural. En nuestra Reserva Natural Bioparque Wakat\u00e1 trabajamos a trav\u00e9s del bienestar animal, siendo el h\u00e1bitat de m\u00e1s de 700 animales de 100 especies diferentes que han llegado a nuestras instalaciones al ser rescatadas o incautadas en centros de transporte, viviendas o lugares donde las especies han sufrido el tr\u00e1fico ilegal de especies. Esta zona constituye amplios espacios acompa\u00f1ados por integrantes de nuestra Fundaci\u00f3n que te brindar\u00e1n informaci\u00f3n para que vivas un recorrido lleno de aprendizaje.<\/p><p>En nuestra Reserva Natural Ecoparque Sabana, encontrar\u00e1s un territorio de vida, 60 hect\u00e1reas constituidas por un sendero de 5 kil\u00f3metros que combina la conservaci\u00f3n de la naturaleza con la cultura y nos cuenta sobre la vida de nuestros antecesores muiscas. Adem\u00e1s de esto, de una zona de avistamiento de aves, humedales y especies de flora y fauna. Un recorrido para los amantes de la biodiversidad. Tambi\u00e9n, contamos con el recorrido por Nuestro Planeta, 12 m\u00f3dulos educativos donde aprenderemos sobre la conservaci\u00f3n.<\/p><\/div>\n      \n              \n      <\/div> \n<\/div>\n\n  <\/div>\n<\/div>\n<script type=\"text\/javascript\"  id=\"ue_script_content_accordion\">\n\n\/* Content Accordion scripts: *\/ \n\n\r\n\/* entrance animation js*\/\r\n\r\n\t\/**\n\t * is element in viewport\n\t *\/\n    function ueIsElementInViewport(objElement) {\n\t  \n\t  if(document.body.scrollHeight <= (window.innerHeight + 30) )\n\t\treturn(true);\t\n\n      var elementTop = objElement.offset().top;\n      var elementBottom = elementTop + objElement.outerHeight();\n\n      var viewportTop = jQuery(window).scrollTop();\n      var viewportBottom = viewportTop + jQuery(window).height();\n\n      return (elementBottom > viewportTop && elementTop < viewportBottom);\n\t}\n\n\t\t\t\r\n  \/\/start the animation - add animation class\r\n  function ueStartEntranceAnimation(objElement, step, classItem, order){\r\n\r\n    var time = 0;\r\n\r\n    if(!step)\r\n    \tvar step = 100;\r\n\r\n    var objItems = objElement.find(\".\"+classItem).not(\".uc-entrance-animate\");\r\n\r\n    var numItems = objItems.length;\r\n\r\n    if(numItems == 0)\r\n    \treturn(false);\r\n\r\n    var maxTime = (numItems-1) * step;\r\n\r\n    objItems.each(function(index, item){\r\n\t  \r\n   \t  var timeoutTime = time;\r\n   \t  if(order == \"up\")\r\n   \t  \ttimeoutTime = maxTime - time;\r\n\r\n      var objItem = jQuery(item);\r\n\r\n      setTimeout(function(){\r\n\r\n            objItem.addClass(\"uc-entrance-animate\");\r\n\r\n      },timeoutTime);\r\n\r\n      time += step;\r\n\r\n    });\r\n  }\r\n\r\n    \/\/check and add animation\r\n    function ueCheckEntranceAnimation(objElement, step, classItem, order){\r\n\r\n        var isStarted = objElement.data(\"ue_entrance_animation_started\");\r\n\r\n        if(isStarted === true)\r\n        \treturn(false);\r\n\r\n      \tvar isInside = ueIsElementInViewport(objElement);\r\n\r\n        if(isInside == false)\r\n          return(false);\r\n\r\n        ueStartEntranceAnimation(objElement, step, classItem, order);\r\n\r\n        objElement.data(\"ue_entrance_animation_started\", true);\r\n  }\r\n\r\n\t\t\t\r\njQuery(document).ready(function(){\r\n\r\n  \r\n  function initUEEntranceAnimation(){\r\n\r\n\t  var objElement = jQuery(\"#uc_content_accordion_elementor_dd81176\");\r\n\r\n\t  if(objElement.length == 0)\r\n\t  \t return(false);\r\n\r\n\t   if(typeof ueCheckEntranceAnimation == \"undefined\"){\r\n\t      return(false);\r\n\t   }\r\n\r\n\t    ueCheckEntranceAnimation(objElement, 300,\"uc_ac_box\", \"down\");\r\n\r\n\t    jQuery(window).on(\"scroll\", function(){\r\n\t    \tueCheckEntranceAnimation(objElement, 300, \"uc_ac_box\", \"down\")\r\n\t    });\r\n\t\t\r\n\t    objElement.on(\"uc_ajax_refreshed\", function(event, params){\r\n\t\t\t\t        \r\n\t\t\tobjElement.removeData(\"ue_entrance_animation_started\");\r\n\t\t\t\r\n\t\t\tif(params.isLoadMore && params.isLoadMore === true){\r\n\t\t\t\t\r\n\t\t\t\tueStartEntranceAnimation(objElement, 300, \"uc_ac_box\", \"down\");\r\n\t\t\t\t\r\n\t\t\t\treturn(true);\r\n\t\t\t}\r\n\t\t\t\t\t\t\r\n\t    \tueCheckEntranceAnimation(objElement, 300, \"uc_ac_box\", \"down\")\r\n\t    });\r\n\r\n\treturn(true);\r\n  }\r\n\r\n  var isInited = initUEEntranceAnimation();\r\n\r\n  if(isInited == false)\r\n\t  jQuery(document).on(\"elementor\/popup\/show\", initUEEntranceAnimation);\r\n\r\n});\r\n\t\t\t\n\njQuery(document).ready(function(){\nfunction uc_content_accordion_elementor_dd81176_start(){\n\t\t\t\n\t\t\n    var objAccordion = jQuery(\"#uc_content_accordion_elementor_dd81176\");\n    UCContentAccordion(objAccordion);\n\n    var objRemoteOptions = {\n      class_items:\"uc_ac_box\",\n      class_active:\"uc-item-active\",\n      selector_item_trigger:\".uc_trigger\"\n    };\n\n    \t\t\t\t\t\tobjAccordion.data(\"uc-remote-options\", objRemoteOptions);\n\t\t\t\n\t\t\tobjAccordion.trigger(\"uc-object-ready\");\n\t\t\tjQuery(document).trigger(\"uc-remote-parent-init\", [objAccordion]);\n\t\t\t \n    \t\n}if(jQuery(\"#uc_content_accordion_elementor_dd81176\").length && !jQuery(\"#uc_content_accordion_elementor_dd81176\").parents('[data-elementor-type=\"popup\"]').length) uc_content_accordion_elementor_dd81176_start();\n\tjQuery( document ).on( 'elementor\/popup\/show', (event, id, objPopup) => {\n\tif(objPopup.$element.has(jQuery(\"#uc_content_accordion_elementor_dd81176\")).length) uc_content_accordion_elementor_dd81176_start()});\n});\n\t\t\t\n<\/script>\n<!-- end Content Accordion -->\t\t\t\t<\/div>\n\t\t\t\t<\/div>\n\t\t\t\t<div class=\"elementor-element elementor-element-46fedcd elementor-widget elementor-widget-spacer\" data-id=\"46fedcd\" data-element_type=\"widget\" data-e-type=\"widget\" data-widget_type=\"spacer.default\">\n\t\t\t\t\t\t\t<div class=\"elementor-spacer\">\n\t\t\t<div class=\"elementor-spacer-inner\"><\/div>\n\t\t<\/div>\n\t\t\t\t\t\t<\/div>\n\t\t\t\t\t<\/div>\r\n\t\t\t\t<\/div>\r\n\t\t\t\t<\/div>\n\t\t","protected":false},"excerpt":{"rendered":"<p>Gracias por visitarnos, a continuaci\u00f3n resolvemos las preguntas o dudas m\u00e1s frecuentes de nuestros visitantes, si tu inquietud no se encuentra aqu\u00ed no dudes en contactarnos. \u00bfQue experiencia puedo adquirir en mi visita? \u00bfQue experiencia puedo adquirir en mi visita? Para tu ingreso podr\u00e1s adquirir la Experiencia Legado que incluye la visita a todas las [&hellip;]<\/p>\n","protected":false},"author":1,"featured_media":0,"parent":0,"menu_order":0,"comment_status":"closed","ping_status":"closed","template":"","meta":{"footnotes":""},"folder":[166],"class_list":["post-11385","page","type-page","status-publish","hentry"],"yoast_head":"<!-- This site is optimized with the Yoast SEO plugin v27.5 - https:\/\/yoast.com\/product\/yoast-seo-wordpress\/ -->\n<title>Preguntas Frecuentes - Fundaci\u00f3n Parque Jaime Duque<\/title>\n<meta name=\"description\" content=\"Resuelve tus dudas r\u00e1pidamente con las Preguntas Frecuentes sobre la Fundaci\u00f3n Parque Jaime Duque, sus servicios, eventos y m\u00e1s.\" \/>\n<meta name=\"robots\" content=\"index, follow, max-snippet:-1, max-image-preview:large, max-video-preview:-1\" \/>\n<link rel=\"canonical\" href=\"https:\/\/parquejaimeduque.com\/en\/frequent-questions\/\" \/>\n<meta property=\"og:locale\" content=\"en_US\" \/>\n<meta property=\"og:type\" content=\"article\" \/>\n<meta property=\"og:title\" content=\"Preguntas Frecuentes - Fundaci\u00f3n Parque Jaime Duque\" \/>\n<meta property=\"og:description\" content=\"Resuelve tus dudas r\u00e1pidamente con las Preguntas Frecuentes sobre la Fundaci\u00f3n Parque Jaime Duque, sus servicios, eventos y m\u00e1s.\" \/>\n<meta property=\"og:url\" content=\"https:\/\/parquejaimeduque.com\/en\/frequent-questions\/\" \/>\n<meta property=\"og:site_name\" content=\"Fundaci\u00f3n Parque Jaime Duque\" \/>\n<meta property=\"article:publisher\" content=\"https:\/\/www.facebook.com\/ParqueJaimeDuque\" \/>\n<meta property=\"article:modified_time\" content=\"2026-01-13T12:55:55+00:00\" \/>\n<meta name=\"twitter:card\" content=\"summary_large_image\" \/>\n<meta name=\"twitter:label1\" content=\"Est. reading time\" \/>\n\t<meta name=\"twitter:data1\" content=\"8 minutes\" \/>\n<script type=\"application\/ld+json\" class=\"yoast-schema-graph\">{\"@context\":\"https:\\\/\\\/schema.org\",\"@graph\":[{\"@type\":\"WebPage\",\"@id\":\"https:\\\/\\\/parquejaimeduque.com\\\/preguntas-frecuentes\\\/\",\"url\":\"https:\\\/\\\/parquejaimeduque.com\\\/preguntas-frecuentes\\\/\",\"name\":\"Preguntas Frecuentes - Fundaci\u00f3n Parque Jaime Duque\",\"isPartOf\":{\"@id\":\"https:\\\/\\\/parquejaimeduque.com\\\/#website\"},\"datePublished\":\"2025-02-24T13:45:07+00:00\",\"dateModified\":\"2026-01-13T12:55:55+00:00\",\"description\":\"Resuelve tus dudas r\u00e1pidamente con las Preguntas Frecuentes sobre la Fundaci\u00f3n Parque Jaime Duque, sus servicios, eventos y m\u00e1s.\",\"breadcrumb\":{\"@id\":\"https:\\\/\\\/parquejaimeduque.com\\\/preguntas-frecuentes\\\/#breadcrumb\"},\"inLanguage\":\"en-US\",\"potentialAction\":[{\"@type\":\"ReadAction\",\"target\":[\"https:\\\/\\\/parquejaimeduque.com\\\/preguntas-frecuentes\\\/\"]}]},{\"@type\":\"BreadcrumbList\",\"@id\":\"https:\\\/\\\/parquejaimeduque.com\\\/preguntas-frecuentes\\\/#breadcrumb\",\"itemListElement\":[{\"@type\":\"ListItem\",\"position\":1,\"name\":\"Inicio\",\"item\":\"https:\\\/\\\/parquejaimeduque.com\\\/\"},{\"@type\":\"ListItem\",\"position\":2,\"name\":\"Preguntas Frecuentes\"}]},{\"@type\":\"WebSite\",\"@id\":\"https:\\\/\\\/parquejaimeduque.com\\\/#website\",\"url\":\"https:\\\/\\\/parquejaimeduque.com\\\/\",\"name\":\"Fundaci\u00f3n Parque Jaime Duque\",\"description\":\"Somos una entidad sin \u00e1nimo de lucro, 100% colombiana que trabaja por la conservaci\u00f3n de la familia y el bienestar social, de la naturaleza y de la cultura, con el \u00fanico objetivo de servir a la comunidad promoviendo el bienestar de las generaciones actuales y futuras.\",\"publisher\":{\"@id\":\"https:\\\/\\\/parquejaimeduque.com\\\/#organization\"},\"potentialAction\":[{\"@type\":\"SearchAction\",\"target\":{\"@type\":\"EntryPoint\",\"urlTemplate\":\"https:\\\/\\\/parquejaimeduque.com\\\/?s={search_term_string}\"},\"query-input\":{\"@type\":\"PropertyValueSpecification\",\"valueRequired\":true,\"valueName\":\"search_term_string\"}}],\"inLanguage\":\"en-US\"},{\"@type\":\"Organization\",\"@id\":\"https:\\\/\\\/parquejaimeduque.com\\\/#organization\",\"name\":\"Fundaci\u00f3n Parque Jaime Duque\",\"url\":\"https:\\\/\\\/parquejaimeduque.com\\\/\",\"logo\":{\"@type\":\"ImageObject\",\"inLanguage\":\"en-US\",\"@id\":\"https:\\\/\\\/parquejaimeduque.com\\\/#\\\/schema\\\/logo\\\/image\\\/\",\"url\":\"https:\\\/\\\/parquejaimeduque.com\\\/wp-content\\\/uploads\\\/2025\\\/02\\\/cropped-Logo-FPJD-512-1.png\",\"contentUrl\":\"https:\\\/\\\/parquejaimeduque.com\\\/wp-content\\\/uploads\\\/2025\\\/02\\\/cropped-Logo-FPJD-512-1.png\",\"width\":512,\"height\":512,\"caption\":\"Fundaci\u00f3n Parque Jaime Duque\"},\"image\":{\"@id\":\"https:\\\/\\\/parquejaimeduque.com\\\/#\\\/schema\\\/logo\\\/image\\\/\"},\"sameAs\":[\"https:\\\/\\\/www.facebook.com\\\/ParqueJaimeDuque\",\"https:\\\/\\\/www.instagram.com\\\/parquejaimeduque\\\/\",\"https:\\\/\\\/www.tiktok.com\\\/@parquejaimeduque?_t=8WWpzcM9XE6&_r=1\",\"https:\\\/\\\/www.youtube.com\\\/user\\\/rtorres48\",\"https:\\\/\\\/co.linkedin.com\\\/company\\\/fundacion-parque-jaime-duque?trk=similar-pages\"]}]}<\/script>\n<!-- \/ Yoast SEO plugin. -->","yoast_head_json":{"title":"Frequently Asked Questions - Fundaci\u00f3n Parque Jaime Duque","description":"Solve your questions quickly with the Frequently Asked Questions about the Jaime Duque Park Foundation, its services, events and more.","robots":{"index":"index","follow":"follow","max-snippet":"max-snippet:-1","max-image-preview":"max-image-preview:large","max-video-preview":"max-video-preview:-1"},"canonical":"https:\/\/parquejaimeduque.com\/en\/frequent-questions\/","og_locale":"en_US","og_type":"article","og_title":"Preguntas Frecuentes - Fundaci\u00f3n Parque Jaime Duque","og_description":"Resuelve tus dudas r\u00e1pidamente con las Preguntas Frecuentes sobre la Fundaci\u00f3n Parque Jaime Duque, sus servicios, eventos y m\u00e1s.","og_url":"https:\/\/parquejaimeduque.com\/en\/frequent-questions\/","og_site_name":"Fundaci\u00f3n Parque Jaime Duque","article_publisher":"https:\/\/www.facebook.com\/ParqueJaimeDuque","article_modified_time":"2026-01-13T12:55:55+00:00","twitter_card":"summary_large_image","twitter_misc":{"Est. reading time":"8 minutes"},"schema":{"@context":"https:\/\/schema.org","@graph":[{"@type":"WebPage","@id":"https:\/\/parquejaimeduque.com\/preguntas-frecuentes\/","url":"https:\/\/parquejaimeduque.com\/preguntas-frecuentes\/","name":"Frequently Asked Questions - Fundaci\u00f3n Parque Jaime Duque","isPartOf":{"@id":"https:\/\/parquejaimeduque.com\/#website"},"datePublished":"2025-02-24T13:45:07+00:00","dateModified":"2026-01-13T12:55:55+00:00","description":"Solve your questions quickly with the Frequently Asked Questions about the Jaime Duque Park Foundation, its services, events and more.","breadcrumb":{"@id":"https:\/\/parquejaimeduque.com\/preguntas-frecuentes\/#breadcrumb"},"inLanguage":"en-US","potentialAction":[{"@type":"ReadAction","target":["https:\/\/parquejaimeduque.com\/preguntas-frecuentes\/"]}]},{"@type":"BreadcrumbList","@id":"https:\/\/parquejaimeduque.com\/preguntas-frecuentes\/#breadcrumb","itemListElement":[{"@type":"ListItem","position":1,"name":"Inicio","item":"https:\/\/parquejaimeduque.com\/"},{"@type":"ListItem","position":2,"name":"Preguntas Frecuentes"}]},{"@type":"WebSite","@id":"https:\/\/parquejaimeduque.com\/#website","url":"https:\/\/parquejaimeduque.com\/","name":"Parque Jaime Duque Foundation","description":"We are a non-profit organization, 100% Colombian, dedicated to the preservation of family and social well-being, nature, and culture, with the sole purpose of serving the community by promoting the well-being of current and future generations.","publisher":{"@id":"https:\/\/parquejaimeduque.com\/#organization"},"potentialAction":[{"@type":"SearchAction","target":{"@type":"EntryPoint","urlTemplate":"https:\/\/parquejaimeduque.com\/?s={search_term_string}"},"query-input":{"@type":"PropertyValueSpecification","valueRequired":true,"valueName":"search_term_string"}}],"inLanguage":"en-US"},{"@type":"Organization","@id":"https:\/\/parquejaimeduque.com\/#organization","name":"Parque Jaime Duque Foundation","url":"https:\/\/parquejaimeduque.com\/","logo":{"@type":"ImageObject","inLanguage":"en-US","@id":"https:\/\/parquejaimeduque.com\/#\/schema\/logo\/image\/","url":"https:\/\/parquejaimeduque.com\/wp-content\/uploads\/2025\/02\/cropped-Logo-FPJD-512-1.png","contentUrl":"https:\/\/parquejaimeduque.com\/wp-content\/uploads\/2025\/02\/cropped-Logo-FPJD-512-1.png","width":512,"height":512,"caption":"Fundaci\u00f3n Parque Jaime Duque"},"image":{"@id":"https:\/\/parquejaimeduque.com\/#\/schema\/logo\/image\/"},"sameAs":["https:\/\/www.facebook.com\/ParqueJaimeDuque","https:\/\/www.instagram.com\/parquejaimeduque\/","https:\/\/www.tiktok.com\/@parquejaimeduque?_t=8WWpzcM9XE6&_r=1","https:\/\/www.youtube.com\/user\/rtorres48","https:\/\/co.linkedin.com\/company\/fundacion-parque-jaime-duque?trk=similar-pages"]}]}},"_links":{"self":[{"href":"https:\/\/parquejaimeduque.com\/en\/wp-json\/wp\/v2\/pages\/11385","targetHints":{"allow":["GET"]}}],"collection":[{"href":"https:\/\/parquejaimeduque.com\/en\/wp-json\/wp\/v2\/pages"}],"about":[{"href":"https:\/\/parquejaimeduque.com\/en\/wp-json\/wp\/v2\/types\/page"}],"author":[{"embeddable":true,"href":"https:\/\/parquejaimeduque.com\/en\/wp-json\/wp\/v2\/users\/1"}],"replies":[{"embeddable":true,"href":"https:\/\/parquejaimeduque.com\/en\/wp-json\/wp\/v2\/comments?post=11385"}],"version-history":[{"count":0,"href":"https:\/\/parquejaimeduque.com\/en\/wp-json\/wp\/v2\/pages\/11385\/revisions"}],"wp:attachment":[{"href":"https:\/\/parquejaimeduque.com\/en\/wp-json\/wp\/v2\/media?parent=11385"}],"wp:term":[{"taxonomy":"folder","embeddable":true,"href":"https:\/\/parquejaimeduque.com\/en\/wp-json\/wp\/v2\/folder?post=11385"}],"curies":[{"name":"wp","href":"https:\/\/api.w.org\/{rel}","templated":true}]}}