{"id":15545,"date":"2025-04-09T09:40:06","date_gmt":"2025-04-09T14:40:06","guid":{"rendered":"http:\/\/localhost\/wordpress\/?page_id=15545"},"modified":"2026-03-30T09:39:10","modified_gmt":"2026-03-30T14:39:10","slug":"sesiones-de-fotos-y-alquiler-de-locaciones","status":"publish","type":"page","link":"https:\/\/parquejaimeduque.com\/pt\/sesiones-de-fotos-y-alquiler-de-locaciones\/","title":{"rendered":"Sess\u00f5es de fotos e aluguel de locais"},"content":{"rendered":"<div data-elementor-type=\"wp-page\" data-elementor-id=\"15545\" class=\"elementor elementor-15545\" data-elementor-post-type=\"page\">\n\t\t\t\t<div class=\"elementor-element elementor-element-e484dc5 e-flex e-con-boxed e-con e-parent\" data-id=\"e484dc5\" data-element_type=\"container\" data-e-type=\"container\">\t\t\t<div class=\"e-con-inner\">\r\n\t\t\t\t<div class=\"elementor-element elementor-element-bf966db elementor-widget elementor-widget-text-editor\" data-id=\"bf966db\" data-element_type=\"widget\" data-e-type=\"widget\" data-widget_type=\"text-editor.default\">\n\t\t\t\t\t\t\t\t\t<p>En el Parque Jaime Duque contamos con escenarios \u00fanicos y jardines llenos de encanto que se convierten en el tel\u00f3n de fondo perfecto para tus fotograf\u00edas o producciones audiovisuales. Ya sea que est\u00e9s planeando una sesi\u00f3n de quince a\u00f1os, preboda o una grabaci\u00f3n cinematogr\u00e1fica, abrimos las puertas de nuestro Parque para que puedas capturar momentos inolvidables o dar vida a tus proyectos en un entorno natural, cultural y cuidadosamente preservado.<\/p><p>Descubre a continuaci\u00f3n las condiciones y requisitos para realizar tu solicitud:<\/p>\t\t\t\t\t\t\t\t<\/div>\n\t\t\t\t\t<\/div>\r\n\t\t\t\t<\/div>\r\n\t\t<div class=\"elementor-element elementor-element-004b093 e-flex e-con-boxed e-con e-parent\" data-id=\"004b093\" data-element_type=\"container\" data-e-type=\"container\">\t\t\t<div class=\"e-con-inner\">\r\n\t\t\t\t<div class=\"elementor-element elementor-element-2eb95f3 e-n-tabs-none elementor-widget elementor-widget-n-tabs\" data-id=\"2eb95f3\" data-element_type=\"widget\" data-e-type=\"widget\" data-settings=\"{&quot;horizontal_scroll&quot;:&quot;disable&quot;}\" data-widget_type=\"nested-tabs.default\">\n\t\t\t\t\t\t\t<div class=\"e-n-tabs\" data-widget-number=\"48993779\" aria-label=\"Pesta\u00f1as. Abra los elementos con Intro o Espacio, ci\u00e9rrelos con Escape y navegue con las teclas de flecha.\">\n\t\t\t<div class=\"e-n-tabs-heading\" role=\"tablist\">\n\t\t\t\t\t<button id=\"e-n-tab-title-489937791\" data-tab-title-id=\"e-n-tab-title-489937791\" class=\"e-n-tab-title\" aria-selected=\"true\" data-tab-index=\"1\" role=\"tab\" tabindex=\"0\" aria-controls=\"e-n-tab-content-489937791\" style=\"--n-tabs-title-order: 1;\">\n\t\t\t\t\t<span class=\"e-n-tab-icon\">\n\t\t\t<i aria-hidden=\"true\" class=\"fas fa-camera\"><\/i>\t\t\t<i aria-hidden=\"true\" class=\"fas fa-camera\"><\/i>\t\t<\/span>\n\t\t\t\t\t<span class=\"e-n-tab-title-text\">\n\t\t\t\tSesiones fotograficas\t\t\t<\/span>\n\t\t<\/button>\n\t\t\t\t<button id=\"e-n-tab-title-489937792\" data-tab-title-id=\"e-n-tab-title-489937792\" class=\"e-n-tab-title\" aria-selected=\"false\" data-tab-index=\"2\" role=\"tab\" tabindex=\"-1\" aria-controls=\"e-n-tab-content-489937792\" style=\"--n-tabs-title-order: 2;\">\n\t\t\t\t\t<span class=\"e-n-tab-icon\">\n\t\t\t<i aria-hidden=\"true\" class=\"fas fa-map-pin\"><\/i>\t\t\t<i aria-hidden=\"true\" class=\"fas fa-map-pin\"><\/i>\t\t<\/span>\n\t\t\t\t\t<span class=\"e-n-tab-title-text\">\n\t\t\t\tAlquiler de locaciones\t\t\t<\/span>\n\t\t<\/button>\n\t\t\t\t\t<\/div>\n\t\t\t<div class=\"e-n-tabs-content\">\n\t\t\t\t<div id=\"e-n-tab-content-489937791\" role=\"tabpanel\" aria-labelledby=\"e-n-tab-title-489937791\" data-tab-index=\"1\" style=\"--n-tabs-title-order: 1;\" class=\"e-active elementor-element elementor-element-c6c84c3 e-con-full e-flex e-con e-child\" data-id=\"c6c84c3\" data-element_type=\"container\" data-e-type=\"container\">\t\t<div class=\"elementor-element elementor-element-e7ac8ea elementor-hidden-mobile elementor-widget elementor-widget-image\" data-id=\"e7ac8ea\" data-element_type=\"widget\" data-e-type=\"widget\" data-widget_type=\"image.default\">\n\t\t\t\t\t\t\t\t\t\t\t\t\t\t\t<img decoding=\"async\" width=\"2400\" height=\"952\" src=\"https:\/\/parquejaimeduque.com\/wp-content\/uploads\/2026\/03\/Banner-Sesiones-de-fotosMesa-de-trabajo-1.webp\" class=\"attachment-full size-full wp-image-26417\" alt=\"Banner - Sesiones de fotos\" srcset=\"https:\/\/parquejaimeduque.com\/wp-content\/uploads\/2026\/03\/Banner-Sesiones-de-fotosMesa-de-trabajo-1.webp 2400w, https:\/\/parquejaimeduque.com\/wp-content\/uploads\/2026\/03\/Banner-Sesiones-de-fotosMesa-de-trabajo-1-300x119.webp 300w, https:\/\/parquejaimeduque.com\/wp-content\/uploads\/2026\/03\/Banner-Sesiones-de-fotosMesa-de-trabajo-1-1024x406.webp 1024w, https:\/\/parquejaimeduque.com\/wp-content\/uploads\/2026\/03\/Banner-Sesiones-de-fotosMesa-de-trabajo-1-768x305.webp 768w, https:\/\/parquejaimeduque.com\/wp-content\/uploads\/2026\/03\/Banner-Sesiones-de-fotosMesa-de-trabajo-1-1536x609.webp 1536w, https:\/\/parquejaimeduque.com\/wp-content\/uploads\/2026\/03\/Banner-Sesiones-de-fotosMesa-de-trabajo-1-2048x812.webp 2048w, https:\/\/parquejaimeduque.com\/wp-content\/uploads\/2026\/03\/Banner-Sesiones-de-fotosMesa-de-trabajo-1-18x7.webp 18w, https:\/\/parquejaimeduque.com\/wp-content\/uploads\/2026\/03\/Banner-Sesiones-de-fotosMesa-de-trabajo-1-1200x476.webp 1200w\" sizes=\"(max-width: 2400px) 100vw, 2400px\" \/>\t\t\t\t\t\t\t\t\t\t\t\t\t\t\t<\/div>\n\t\t\t\t<div class=\"elementor-element elementor-element-a03c7e5 elementor-hidden-widescreen elementor-hidden-desktop elementor-hidden-laptop elementor-hidden-tablet_extra elementor-hidden-tablet elementor-hidden-mobile_extra elementor-widget elementor-widget-image\" data-id=\"a03c7e5\" data-element_type=\"widget\" data-e-type=\"widget\" data-widget_type=\"image.default\">\n\t\t\t\t\t\t\t\t\t\t\t\t\t\t\t<img decoding=\"async\" width=\"1001\" height=\"952\" src=\"https:\/\/parquejaimeduque.com\/wp-content\/uploads\/2026\/03\/Banner-Sesiones-de-fotosMesa-de-trabajo-2.webp\" class=\"attachment-full size-full wp-image-26418\" alt=\"Banner - Sesiones de fotos\" srcset=\"https:\/\/parquejaimeduque.com\/wp-content\/uploads\/2026\/03\/Banner-Sesiones-de-fotosMesa-de-trabajo-2.webp 1001w, https:\/\/parquejaimeduque.com\/wp-content\/uploads\/2026\/03\/Banner-Sesiones-de-fotosMesa-de-trabajo-2-300x285.webp 300w, https:\/\/parquejaimeduque.com\/wp-content\/uploads\/2026\/03\/Banner-Sesiones-de-fotosMesa-de-trabajo-2-768x730.webp 768w, https:\/\/parquejaimeduque.com\/wp-content\/uploads\/2026\/03\/Banner-Sesiones-de-fotosMesa-de-trabajo-2-13x12.webp 13w, https:\/\/parquejaimeduque.com\/wp-content\/uploads\/2026\/03\/Banner-Sesiones-de-fotosMesa-de-trabajo-2-789x750.webp 789w\" sizes=\"(max-width: 1001px) 100vw, 1001px\" \/>\t\t\t\t\t\t\t\t\t\t\t\t\t\t\t<\/div>\n\t\t\t\t<div class=\"elementor-element elementor-element-22cd8e6 elementor-widget elementor-widget-heading\" data-id=\"22cd8e6\" data-element_type=\"widget\" data-e-type=\"widget\" data-widget_type=\"heading.default\">\n\t\t\t\t\t<h2 class=\"elementor-heading-title elementor-size-default\">Tarifas sesiones fotogr\u00e1ficas<\/h2>\t\t\t\t<\/div>\n\t\t\t\t<div class=\"elementor-element elementor-element-a3f4966 elementor-widget-divider--view-line elementor-widget elementor-widget-divider\" data-id=\"a3f4966\" data-element_type=\"widget\" data-e-type=\"widget\" data-widget_type=\"divider.default\">\n\t\t\t\t\t\t\t<div class=\"elementor-divider\">\n\t\t\t<span class=\"elementor-divider-separator\">\n\t\t\t\t\t\t<\/span>\n\t\t<\/div>\n\t\t\t\t\t\t<\/div>\n\t\t<div class=\"elementor-element elementor-element-52245f4 e-flex e-con-boxed e-con e-child\" data-id=\"52245f4\" data-element_type=\"container\" data-e-type=\"container\">\t\t\t<div class=\"e-con-inner\">\r\n\t\t<div class=\"elementor-element elementor-element-4d39578 e-con-full e-flex e-con e-child\" data-id=\"4d39578\" data-element_type=\"container\" data-e-type=\"container\" data-settings=\"{&quot;background_background&quot;:&quot;classic&quot;}\">\t\t<div class=\"elementor-element elementor-element-6f2b178 elementor-widget elementor-widget-heading\" data-id=\"6f2b178\" data-element_type=\"widget\" data-e-type=\"widget\" data-widget_type=\"heading.default\">\n\t\t\t\t\t<h2 class=\"elementor-heading-title elementor-size-default\">Prebodas y quince a\u00f1os<\/h2>\t\t\t\t<\/div>\n\t\t\t\t<div class=\"elementor-element elementor-element-ed6b457 elementor-widget elementor-widget-text-editor\" data-id=\"ed6b457\" data-element_type=\"widget\" data-e-type=\"widget\" data-widget_type=\"text-editor.default\">\n\t\t\t\t\t\t\t\t\t<p>Te damos la bienvenida a nuestro Parque, un lugar donde podr\u00e1s capturar momentos \u00fanicos que vivir\u00e1n contigo para siempre.<\/p>\t\t\t\t\t\t\t\t<\/div>\n\t\t\t\t<div class=\"elementor-element elementor-element-03484b5 elementor-widget elementor-widget-heading\" data-id=\"03484b5\" data-element_type=\"widget\" data-e-type=\"widget\" data-widget_type=\"heading.default\">\n\t\t\t\t\t<h2 class=\"elementor-heading-title elementor-size-default\">$ 400.000<\/h2>\t\t\t\t<\/div>\n\t\t\t\t<div class=\"elementor-element elementor-element-3b99283 elementor-widget elementor-widget-text-editor\" data-id=\"3b99283\" data-element_type=\"widget\" data-e-type=\"widget\" data-widget_type=\"text-editor.default\">\n\t\t\t\t\t\t\t\t\t<p>Condiciones:<\/p><ul><li>\u00danicamente d\u00edas lunes (no festivos)<\/li><li>De 9 am a 4 pm<\/li><li>Zonas habilitadas: Paseo de la Cultura y Jard\u00edn de Monumentos<\/li><li>M\u00e1ximo 6 personas<\/li><li>Consulta elementos prohibidos<\/li><\/ul>\t\t\t\t\t\t\t\t<\/div>\n\t\t\t\t<div class=\"elementor-element elementor-element-cb7a8b3 elementor-align-center e-transform elementor-widget elementor-widget-button\" data-id=\"cb7a8b3\" data-element_type=\"widget\" data-e-type=\"widget\" data-settings=\"{&quot;_transform_translateY_effect_hover&quot;:{&quot;unit&quot;:&quot;px&quot;,&quot;size&quot;:-3,&quot;sizes&quot;:[]},&quot;_transform_translateX_effect_hover&quot;:{&quot;unit&quot;:&quot;px&quot;,&quot;size&quot;:&quot;&quot;,&quot;sizes&quot;:[]},&quot;_transform_translateX_effect_hover_widescreen&quot;:{&quot;unit&quot;:&quot;px&quot;,&quot;size&quot;:&quot;&quot;,&quot;sizes&quot;:[]},&quot;_transform_translateX_effect_hover_laptop&quot;:{&quot;unit&quot;:&quot;px&quot;,&quot;size&quot;:&quot;&quot;,&quot;sizes&quot;:[]},&quot;_transform_translateX_effect_hover_tablet_extra&quot;:{&quot;unit&quot;:&quot;px&quot;,&quot;size&quot;:&quot;&quot;,&quot;sizes&quot;:[]},&quot;_transform_translateX_effect_hover_tablet&quot;:{&quot;unit&quot;:&quot;px&quot;,&quot;size&quot;:&quot;&quot;,&quot;sizes&quot;:[]},&quot;_transform_translateX_effect_hover_mobile_extra&quot;:{&quot;unit&quot;:&quot;px&quot;,&quot;size&quot;:&quot;&quot;,&quot;sizes&quot;:[]},&quot;_transform_translateX_effect_hover_mobile&quot;:{&quot;unit&quot;:&quot;px&quot;,&quot;size&quot;:&quot;&quot;,&quot;sizes&quot;:[]},&quot;_transform_translateY_effect_hover_widescreen&quot;:{&quot;unit&quot;:&quot;px&quot;,&quot;size&quot;:&quot;&quot;,&quot;sizes&quot;:[]},&quot;_transform_translateY_effect_hover_laptop&quot;:{&quot;unit&quot;:&quot;px&quot;,&quot;size&quot;:&quot;&quot;,&quot;sizes&quot;:[]},&quot;_transform_translateY_effect_hover_tablet_extra&quot;:{&quot;unit&quot;:&quot;px&quot;,&quot;size&quot;:&quot;&quot;,&quot;sizes&quot;:[]},&quot;_transform_translateY_effect_hover_tablet&quot;:{&quot;unit&quot;:&quot;px&quot;,&quot;size&quot;:&quot;&quot;,&quot;sizes&quot;:[]},&quot;_transform_translateY_effect_hover_mobile_extra&quot;:{&quot;unit&quot;:&quot;px&quot;,&quot;size&quot;:&quot;&quot;,&quot;sizes&quot;:[]},&quot;_transform_translateY_effect_hover_mobile&quot;:{&quot;unit&quot;:&quot;px&quot;,&quot;size&quot;:&quot;&quot;,&quot;sizes&quot;:[]}}\" data-widget_type=\"button.default\">\n\t\t\t\t\t\t\t\t\t\t<a class=\"elementor-button elementor-button-link elementor-size-sm\" href=\"#formulario-alquiler-locaciones\">\n\t\t\t\t\t\t<span class=\"elementor-button-content-wrapper\">\n\t\t\t\t\t\t\t\t\t<span class=\"elementor-button-text\">Contato<\/span>\n\t\t\t\t\t<\/span>\n\t\t\t\t\t<\/a>\n\t\t\t\t\t\t\t\t<\/div>\n\t\t\t\t<\/div>\r\n\t\t<div class=\"elementor-element elementor-element-d9641c3 e-con-full e-flex e-con e-child\" data-id=\"d9641c3\" data-element_type=\"container\" data-e-type=\"container\" data-settings=\"{&quot;background_background&quot;:&quot;classic&quot;}\">\t\t<div class=\"elementor-element elementor-element-f51747b elementor-widget elementor-widget-heading\" data-id=\"f51747b\" data-element_type=\"widget\" data-e-type=\"widget\" data-widget_type=\"heading.default\">\n\t\t\t\t\t<h2 class=\"elementor-heading-title elementor-size-default\">Sesi\u00f3n comercial<\/h2>\t\t\t\t<\/div>\n\t\t\t\t<div class=\"elementor-element elementor-element-3806c9d elementor-widget elementor-widget-text-editor\" data-id=\"3806c9d\" data-element_type=\"widget\" data-e-type=\"widget\" data-widget_type=\"text-editor.default\">\n\t\t\t\t\t\t\t\t\t<p>Debes indicar el tipo de contenido que deseas generar y los enlaces de redes o sitio web donde se publicar\u00e1n las fotograf\u00edas. La tarifa y aprobaci\u00f3n se indicar\u00e1n en la respuesta a tu solicitud.<\/p>\t\t\t\t\t\t\t\t<\/div>\n\t\t\t\t<div class=\"elementor-element elementor-element-9c44de5 elementor-widget elementor-widget-heading\" data-id=\"9c44de5\" data-element_type=\"widget\" data-e-type=\"widget\" data-widget_type=\"heading.default\">\n\t\t\t\t\t<h2 class=\"elementor-heading-title elementor-size-default\">Cotizar<\/h2>\t\t\t\t<\/div>\n\t\t\t\t<div class=\"elementor-element elementor-element-96c5880 elementor-widget elementor-widget-text-editor\" data-id=\"96c5880\" data-element_type=\"widget\" data-e-type=\"widget\" data-widget_type=\"text-editor.default\">\n\t\t\t\t\t\t\t\t\t<p>Condiciones:<\/p><ul><li>\u00danicamente d\u00edas lunes (no festivos)<\/li><li>De 9 am a 4 pm<\/li><li>Zonas habilitadas: Paseo de la Cultura y Jard\u00edn de Monumentos<\/li><li>M\u00e1ximo 6 personas<\/li><li>Consulta elementos prohibidos<\/li><\/ul>\t\t\t\t\t\t\t\t<\/div>\n\t\t\t\t<div class=\"elementor-element elementor-element-f0b94a9 elementor-align-center e-transform elementor-widget elementor-widget-button\" data-id=\"f0b94a9\" data-element_type=\"widget\" data-e-type=\"widget\" data-settings=\"{&quot;_transform_translateY_effect_hover&quot;:{&quot;unit&quot;:&quot;px&quot;,&quot;size&quot;:-3,&quot;sizes&quot;:[]},&quot;_transform_translateX_effect_hover&quot;:{&quot;unit&quot;:&quot;px&quot;,&quot;size&quot;:&quot;&quot;,&quot;sizes&quot;:[]},&quot;_transform_translateX_effect_hover_widescreen&quot;:{&quot;unit&quot;:&quot;px&quot;,&quot;size&quot;:&quot;&quot;,&quot;sizes&quot;:[]},&quot;_transform_translateX_effect_hover_laptop&quot;:{&quot;unit&quot;:&quot;px&quot;,&quot;size&quot;:&quot;&quot;,&quot;sizes&quot;:[]},&quot;_transform_translateX_effect_hover_tablet_extra&quot;:{&quot;unit&quot;:&quot;px&quot;,&quot;size&quot;:&quot;&quot;,&quot;sizes&quot;:[]},&quot;_transform_translateX_effect_hover_tablet&quot;:{&quot;unit&quot;:&quot;px&quot;,&quot;size&quot;:&quot;&quot;,&quot;sizes&quot;:[]},&quot;_transform_translateX_effect_hover_mobile_extra&quot;:{&quot;unit&quot;:&quot;px&quot;,&quot;size&quot;:&quot;&quot;,&quot;sizes&quot;:[]},&quot;_transform_translateX_effect_hover_mobile&quot;:{&quot;unit&quot;:&quot;px&quot;,&quot;size&quot;:&quot;&quot;,&quot;sizes&quot;:[]},&quot;_transform_translateY_effect_hover_widescreen&quot;:{&quot;unit&quot;:&quot;px&quot;,&quot;size&quot;:&quot;&quot;,&quot;sizes&quot;:[]},&quot;_transform_translateY_effect_hover_laptop&quot;:{&quot;unit&quot;:&quot;px&quot;,&quot;size&quot;:&quot;&quot;,&quot;sizes&quot;:[]},&quot;_transform_translateY_effect_hover_tablet_extra&quot;:{&quot;unit&quot;:&quot;px&quot;,&quot;size&quot;:&quot;&quot;,&quot;sizes&quot;:[]},&quot;_transform_translateY_effect_hover_tablet&quot;:{&quot;unit&quot;:&quot;px&quot;,&quot;size&quot;:&quot;&quot;,&quot;sizes&quot;:[]},&quot;_transform_translateY_effect_hover_mobile_extra&quot;:{&quot;unit&quot;:&quot;px&quot;,&quot;size&quot;:&quot;&quot;,&quot;sizes&quot;:[]},&quot;_transform_translateY_effect_hover_mobile&quot;:{&quot;unit&quot;:&quot;px&quot;,&quot;size&quot;:&quot;&quot;,&quot;sizes&quot;:[]}}\" data-widget_type=\"button.default\">\n\t\t\t\t\t\t\t\t\t\t<a class=\"elementor-button elementor-button-link elementor-size-sm\" href=\"#formulario-alquiler-locaciones\">\n\t\t\t\t\t\t<span class=\"elementor-button-content-wrapper\">\n\t\t\t\t\t\t\t\t\t<span class=\"elementor-button-text\">Contato<\/span>\n\t\t\t\t\t<\/span>\n\t\t\t\t\t<\/a>\n\t\t\t\t\t\t\t\t<\/div>\n\t\t\t\t<\/div>\r\n\t\t\t\t\t<\/div>\r\n\t\t\t\t<\/div>\r\n\t\t<div class=\"elementor-element elementor-element-5f8d72e e-flex e-con-boxed e-con e-child\" data-id=\"5f8d72e\" data-element_type=\"container\" data-e-type=\"container\">\t\t\t<div class=\"e-con-inner\">\r\n\t\t<div class=\"elementor-element elementor-element-082ad9f e-con-full e-flex e-con e-child\" data-id=\"082ad9f\" data-element_type=\"container\" data-e-type=\"container\" data-settings=\"{&quot;background_background&quot;:&quot;classic&quot;}\">\t\t<div class=\"elementor-element elementor-element-e068e6e elementor-widget elementor-widget-text-editor\" data-id=\"e068e6e\" data-element_type=\"widget\" data-e-type=\"widget\" data-widget_type=\"text-editor.default\">\n\t\t\t\t\t\t\t\t\t<strong>\u00a1Atenci\u00f3n!\u00a0<\/strong>Los d\u00edas que el parque se encuentra en operaci\u00f3n no podemos autorizarte el ingreso para la realizaci\u00f3n de sesiones fotogr\u00e1ficas, debido a que priorizamos la operaci\u00f3n para nuestros visitantes. Agradecemos tu comprensi\u00f3n.\t\t\t\t\t\t\t\t<\/div>\n\t\t\t\t<\/div>\r\n\t\t\t\t\t<\/div>\r\n\t\t\t\t<\/div>\r\n\t\t\t\t<div class=\"elementor-element elementor-element-ed431a5 elementor-widget elementor-widget-heading\" data-id=\"ed431a5\" data-element_type=\"widget\" data-e-type=\"widget\" data-widget_type=\"heading.default\">\n\t\t\t\t\t<h2 class=\"elementor-heading-title elementor-size-default\">Conoce algunos de nuestros escenarios<\/h2>\t\t\t\t<\/div>\n\t\t\t\t<div class=\"elementor-element elementor-element-729f876 elementor-widget-divider--view-line elementor-widget elementor-widget-divider\" data-id=\"729f876\" data-element_type=\"widget\" data-e-type=\"widget\" data-widget_type=\"divider.default\">\n\t\t\t\t\t\t\t<div class=\"elementor-divider\">\n\t\t\t<span class=\"elementor-divider-separator\">\n\t\t\t\t\t\t<\/span>\n\t\t<\/div>\n\t\t\t\t\t\t<\/div>\n\t\t\t\t<div class=\"elementor-element elementor-element-6a789f2 elementor-arrows-position-outside elementor-widget elementor-widget-image-carousel\" data-id=\"6a789f2\" data-element_type=\"widget\" data-e-type=\"widget\" data-settings=\"{&quot;slides_to_show&quot;:&quot;1&quot;,&quot;navigation&quot;:&quot;arrows&quot;,&quot;autoplay&quot;:&quot;yes&quot;,&quot;pause_on_hover&quot;:&quot;yes&quot;,&quot;pause_on_interaction&quot;:&quot;yes&quot;,&quot;autoplay_speed&quot;:5000,&quot;infinite&quot;:&quot;yes&quot;,&quot;effect&quot;:&quot;slide&quot;,&quot;speed&quot;:500}\" data-widget_type=\"image-carousel.default\">\n\t\t\t\t\t\t\t<div class=\"elementor-image-carousel-wrapper swiper\" role=\"region\" aria-roledescription=\"carousel\" aria-label=\"Carrusel de im\u00e1genes\" dir=\"ltr\">\n\t\t\t<div class=\"elementor-image-carousel swiper-wrapper\" aria-live=\"off\">\n\t\t\t\t\t\t\t\t<div class=\"swiper-slide\" role=\"group\" aria-roledescription=\"slide\" aria-label=\"1 de 12\"><figure class=\"swiper-slide-inner\"><img decoding=\"async\" class=\"swiper-slide-image\" src=\"https:\/\/parquejaimeduque.com\/wp-content\/uploads\/elementor\/thumbs\/IMG_8474-Mejorado-NR-rk64ypwaxc9bmt9dogcgji3un1u2k9vhmzfjcn6l5u.webp\" alt=\"IMG_8474-Enriquecido-NR\" \/><\/figure><\/div><div class=\"swiper-slide\" role=\"group\" aria-roledescription=\"slide\" aria-label=\"2 de 12\"><figure class=\"swiper-slide-inner\"><img decoding=\"async\" class=\"swiper-slide-image\" src=\"https:\/\/parquejaimeduque.com\/wp-content\/uploads\/elementor\/thumbs\/IMG_2418-rk64ypwaxc9bmt9dogcgji3un1u2k9vhmzfjcn6l5u.webp\" alt=\"IMG_2418\" \/><\/figure><\/div><div class=\"swiper-slide\" role=\"group\" aria-roledescription=\"slide\" aria-label=\"3 de 12\"><figure class=\"swiper-slide-inner\"><img decoding=\"async\" class=\"swiper-slide-image\" src=\"https:\/\/parquejaimeduque.com\/wp-content\/uploads\/elementor\/thumbs\/IMG_2417-rk64ypwaxc9bmt9dogcgji3un1u2k9vhmzfjcn6l5u.webp\" alt=\"IMG_2417\" \/><\/figure><\/div><div class=\"swiper-slide\" role=\"group\" aria-roledescription=\"slide\" aria-label=\"4 de 12\"><figure class=\"swiper-slide-inner\"><img decoding=\"async\" class=\"swiper-slide-image\" src=\"https:\/\/parquejaimeduque.com\/wp-content\/uploads\/elementor\/thumbs\/IMG_2415-rk64ypwaxc9bmt9dogcgji3un1u2k9vhmzfjcn6l5u.webp\" alt=\"IMG_2415\" \/><\/figure><\/div><div class=\"swiper-slide\" role=\"group\" aria-roledescription=\"slide\" aria-label=\"5 de 12\"><figure class=\"swiper-slide-inner\"><img decoding=\"async\" class=\"swiper-slide-image\" src=\"https:\/\/parquejaimeduque.com\/wp-content\/uploads\/elementor\/thumbs\/DJI_0989-rk64ypwaxc9bmt9dogcgji3un1u2k9vhmzfjcn6l5u.webp\" alt=\"DJI_0989\" \/><\/figure><\/div><div class=\"swiper-slide\" role=\"group\" aria-roledescription=\"slide\" aria-label=\"6 de 12\"><figure class=\"swiper-slide-inner\"><img decoding=\"async\" class=\"swiper-slide-image\" src=\"https:\/\/parquejaimeduque.com\/wp-content\/uploads\/elementor\/thumbs\/DJI_0984-rk64ypwaxc9bmt9dogcgji3un1u2k9vhmzfjcn6l5u.webp\" alt=\"DJI_0984\" \/><\/figure><\/div><div class=\"swiper-slide\" role=\"group\" aria-roledescription=\"slide\" aria-label=\"7 de 12\"><figure class=\"swiper-slide-inner\"><img decoding=\"async\" class=\"swiper-slide-image\" src=\"https:\/\/parquejaimeduque.com\/wp-content\/uploads\/elementor\/thumbs\/DJI_0810-rk64ypwaxc9bmt9dogcgji3un1u2k9vhmzfjcn6l5u.webp\" alt=\"DJI_0810\" \/><\/figure><\/div><div class=\"swiper-slide\" role=\"group\" aria-roledescription=\"slide\" aria-label=\"8 de 12\"><figure class=\"swiper-slide-inner\"><img decoding=\"async\" class=\"swiper-slide-image\" src=\"https:\/\/parquejaimeduque.com\/wp-content\/uploads\/elementor\/thumbs\/DJI_0431-rk64ypwaxc9bmt9dogcgji3un1u2k9vhmzfjcn6l5u.webp\" alt=\"DJI_0431\" \/><\/figure><\/div><div class=\"swiper-slide\" role=\"group\" aria-roledescription=\"slide\" aria-label=\"9 de 12\"><figure class=\"swiper-slide-inner\"><img decoding=\"async\" class=\"swiper-slide-image\" src=\"https:\/\/parquejaimeduque.com\/wp-content\/uploads\/elementor\/thumbs\/DJI_0429-rk64ypwaxc9bmt9dogcgji3un1u2k9vhmzfjcn6l5u.webp\" alt=\"DJI_0429\" \/><\/figure><\/div><div class=\"swiper-slide\" role=\"group\" aria-roledescription=\"slide\" aria-label=\"10 de 12\"><figure class=\"swiper-slide-inner\"><img decoding=\"async\" class=\"swiper-slide-image\" src=\"https:\/\/parquejaimeduque.com\/wp-content\/uploads\/elementor\/thumbs\/DJI_0413-rk64ypwaxc9bmt9dogcgji3un1u2k9vhmzfjcn6l5u.webp\" alt=\"DJI_0413\" \/><\/figure><\/div><div class=\"swiper-slide\" role=\"group\" aria-roledescription=\"slide\" aria-label=\"11 de 12\"><figure class=\"swiper-slide-inner\"><img decoding=\"async\" class=\"swiper-slide-image\" src=\"https:\/\/parquejaimeduque.com\/wp-content\/uploads\/elementor\/thumbs\/DJI_0371-rk64ypwaxc9bmt9dogcgji3un1u2k9vhmzfjcn6l5u.webp\" alt=\"DJI_0371\" \/><\/figure><\/div><div class=\"swiper-slide\" role=\"group\" aria-roledescription=\"slide\" aria-label=\"12 de 12\"><figure class=\"swiper-slide-inner\"><img decoding=\"async\" class=\"swiper-slide-image\" src=\"https:\/\/parquejaimeduque.com\/wp-content\/uploads\/elementor\/thumbs\/IMG_8484-Mejorado-NR-rk64ypwaxc9bmt9dogcgji3un1u2k9vhmzfjcn6l5u.webp\" alt=\"IMG_8484-Enriquecido-NR\" \/><\/figure><\/div>\t\t\t<\/div>\n\t\t\t\t\t\t\t\t\t\t\t\t<div class=\"elementor-swiper-button elementor-swiper-button-prev\" role=\"button\" tabindex=\"0\">\n\t\t\t\t\t\t<i aria-hidden=\"true\" class=\"eicon-chevron-left\"><\/i>\t\t\t\t\t<\/div>\n\t\t\t\t\t<div class=\"elementor-swiper-button elementor-swiper-button-next\" role=\"button\" tabindex=\"0\">\n\t\t\t\t\t\t<i aria-hidden=\"true\" class=\"eicon-chevron-right\"><\/i>\t\t\t\t\t<\/div>\n\t\t\t\t\n\t\t\t\t\t\t\t\t\t<\/div>\n\t\t\t\t\t\t<\/div>\n\t\t\t\t<div class=\"elementor-element elementor-element-1648ac7 elementor-widget elementor-widget-heading\" data-id=\"1648ac7\" data-element_type=\"widget\" data-e-type=\"widget\" data-widget_type=\"heading.default\">\n\t\t\t\t\t<h2 class=\"elementor-heading-title elementor-size-default\">T\u00e9rminos y condiciones del servicio<\/h2>\t\t\t\t<\/div>\n\t\t\t\t<div class=\"elementor-element elementor-element-dea3f8f elementor-widget-divider--view-line elementor-widget elementor-widget-divider\" data-id=\"dea3f8f\" data-element_type=\"widget\" data-e-type=\"widget\" data-widget_type=\"divider.default\">\n\t\t\t\t\t\t\t<div class=\"elementor-divider\">\n\t\t\t<span class=\"elementor-divider-separator\">\n\t\t\t\t\t\t<\/span>\n\t\t<\/div>\n\t\t\t\t\t\t<\/div>\n\t\t\t\t<div class=\"elementor-element elementor-element-38a8bdf elementor-widget elementor-widget-text-editor\" data-id=\"38a8bdf\" data-element_type=\"widget\" data-e-type=\"widget\" data-widget_type=\"text-editor.default\">\n\t\t\t\t\t\t\t\t\t<p>Por favor tomate el tiempo de leer atentamente todas las condiciones y restricciones antes de adquirir el servicio.<\/p>\t\t\t\t\t\t\t\t<\/div>\n\t\t\t\t<div class=\"elementor-element elementor-element-1d58f8c elementor-widget elementor-widget-text-editor\" data-id=\"1d58f8c\" data-element_type=\"widget\" data-e-type=\"widget\" data-widget_type=\"text-editor.default\">\n\t\t\t\t\t\t\t\t\t<p>Abrimos las puertas de nuestro Parque para que logres tus fotos so\u00f1adas, contamos con escenarios y jardines que permiten la realizaci\u00f3n de fotograf\u00edas \u00fanicas. Para realizar realiza tu solicitud debes tener los siguientes aspectos:<\/p><p><strong>1.<\/strong> Las sesiones fotogr\u00e1ficas se autorizan \u00fanicamente para lunes no festivos, en horario de 9.00 am a 4:00 pm.<br \/><strong>2.<\/strong> Las zonas habilitadas son Paseo de la Cultura y Jard\u00edn de los Monumentos en exteriores.<br \/><strong>3.<\/strong> El ingreso habilitado es para m\u00e1ximo 6 personas, quienes deber\u00e1n presentar documento de identidad para el ingreso al Parque.<br \/><strong>4.<\/strong> <span style=\"color: #c91010;\"><strong>No podr\u00e1s ingresar<\/strong><\/span> drones, animales de compa\u00f1\u00eda, bombas, bebidas alcoh\u00f3licas, alimentos en icopor u ollas, elementos deportivos, cilindros para generar gas de color, papel de color (confeti), por favor recuerda que ingresar\u00e1s a una Reserva Natural.<br \/><strong>5.<\/strong> Luego de diligenciar el formulario obtendr\u00e1s una respuesta de viabilidad en la fecha, as\u00ed que por favor no olvides escribir la o las fechas opcionales para tu sesi\u00f3n.<br \/><strong>6.<\/strong> El valor de la sesi\u00f3n para quince a\u00f1os y preboda es de $400.000 el d\u00eda.<br \/><strong>7.<\/strong> Si tu sesi\u00f3n es de tipo comercial, deber\u00e1s especificar el tipo de contenido que deseas generar y tambi\u00e9n enlaces de redes sociales o p\u00e1gina web donde ser\u00e1n publicadas las fotograf\u00edas. La tarifa y aprobaci\u00f3n ser\u00e1 mencionada como respuesta a tu solicitud.<br \/><strong>8.<\/strong> Si vienes un d\u00eda de operaci\u00f3n no podremos autorizarte ingreso para la realizaci\u00f3n de la sesi\u00f3n fotogr\u00e1fica, debido a que priorizamos nuestra operaci\u00f3n. Agradecemos tu comprensi\u00f3n.<\/p>\t\t\t\t\t\t\t\t<\/div>\n\t\t\t\t<\/div>\r\n\t\t<div id=\"e-n-tab-content-489937792\" role=\"tabpanel\" aria-labelledby=\"e-n-tab-title-489937792\" data-tab-index=\"2\" style=\"--n-tabs-title-order: 2;\" class=\"elementor-element elementor-element-03c3169 e-con-full e-flex e-con e-child\" data-id=\"03c3169\" data-element_type=\"container\" data-e-type=\"container\">\t\t<div class=\"elementor-element elementor-element-3f8e9fc elementor-hidden-mobile elementor-widget elementor-widget-image\" data-id=\"3f8e9fc\" data-element_type=\"widget\" data-e-type=\"widget\" data-widget_type=\"image.default\">\n\t\t\t\t\t\t\t\t\t\t\t\t\t\t\t<img decoding=\"async\" width=\"2400\" height=\"952\" src=\"https:\/\/parquejaimeduque.com\/wp-content\/uploads\/2026\/03\/Banner-Alquiler-de-locacionesMesa-de-trabajo-1.webp\" class=\"attachment-full size-full wp-image-26424\" alt=\"Banner - Alquiler de locaciones\" srcset=\"https:\/\/parquejaimeduque.com\/wp-content\/uploads\/2026\/03\/Banner-Alquiler-de-locacionesMesa-de-trabajo-1.webp 2400w, https:\/\/parquejaimeduque.com\/wp-content\/uploads\/2026\/03\/Banner-Alquiler-de-locacionesMesa-de-trabajo-1-300x119.webp 300w, https:\/\/parquejaimeduque.com\/wp-content\/uploads\/2026\/03\/Banner-Alquiler-de-locacionesMesa-de-trabajo-1-1024x406.webp 1024w, https:\/\/parquejaimeduque.com\/wp-content\/uploads\/2026\/03\/Banner-Alquiler-de-locacionesMesa-de-trabajo-1-768x305.webp 768w, https:\/\/parquejaimeduque.com\/wp-content\/uploads\/2026\/03\/Banner-Alquiler-de-locacionesMesa-de-trabajo-1-1536x609.webp 1536w, https:\/\/parquejaimeduque.com\/wp-content\/uploads\/2026\/03\/Banner-Alquiler-de-locacionesMesa-de-trabajo-1-2048x812.webp 2048w, https:\/\/parquejaimeduque.com\/wp-content\/uploads\/2026\/03\/Banner-Alquiler-de-locacionesMesa-de-trabajo-1-18x7.webp 18w, https:\/\/parquejaimeduque.com\/wp-content\/uploads\/2026\/03\/Banner-Alquiler-de-locacionesMesa-de-trabajo-1-1200x476.webp 1200w\" sizes=\"(max-width: 2400px) 100vw, 2400px\" \/>\t\t\t\t\t\t\t\t\t\t\t\t\t\t\t<\/div>\n\t\t\t\t<div class=\"elementor-element elementor-element-d2d92d3 elementor-hidden-widescreen elementor-hidden-desktop elementor-hidden-laptop elementor-hidden-tablet_extra elementor-hidden-tablet elementor-hidden-mobile_extra elementor-widget elementor-widget-image\" data-id=\"d2d92d3\" data-element_type=\"widget\" data-e-type=\"widget\" data-widget_type=\"image.default\">\n\t\t\t\t\t\t\t\t\t\t\t\t\t\t\t<img decoding=\"async\" width=\"1000\" height=\"952\" src=\"https:\/\/parquejaimeduque.com\/wp-content\/uploads\/2026\/03\/Banner-Alquiler-de-locacionesMesa-de-trabajo-2.webp\" class=\"attachment-full size-full wp-image-26423\" alt=\"Banner - Alquiler de locaciones\" srcset=\"https:\/\/parquejaimeduque.com\/wp-content\/uploads\/2026\/03\/Banner-Alquiler-de-locacionesMesa-de-trabajo-2.webp 1000w, https:\/\/parquejaimeduque.com\/wp-content\/uploads\/2026\/03\/Banner-Alquiler-de-locacionesMesa-de-trabajo-2-300x286.webp 300w, https:\/\/parquejaimeduque.com\/wp-content\/uploads\/2026\/03\/Banner-Alquiler-de-locacionesMesa-de-trabajo-2-768x731.webp 768w, https:\/\/parquejaimeduque.com\/wp-content\/uploads\/2026\/03\/Banner-Alquiler-de-locacionesMesa-de-trabajo-2-13x12.webp 13w, https:\/\/parquejaimeduque.com\/wp-content\/uploads\/2026\/03\/Banner-Alquiler-de-locacionesMesa-de-trabajo-2-788x750.webp 788w\" sizes=\"(max-width: 1000px) 100vw, 1000px\" \/>\t\t\t\t\t\t\t\t\t\t\t\t\t\t\t<\/div>\n\t\t\t\t<div class=\"elementor-element elementor-element-39752f8 elementor-widget elementor-widget-heading\" data-id=\"39752f8\" data-element_type=\"widget\" data-e-type=\"widget\" data-widget_type=\"heading.default\">\n\t\t\t\t\t<h2 class=\"elementor-heading-title elementor-size-default\">Conoce algunos de nuestros escenarios<\/h2>\t\t\t\t<\/div>\n\t\t\t\t<div class=\"elementor-element elementor-element-f5ebd7b elementor-widget-divider--view-line elementor-widget elementor-widget-divider\" data-id=\"f5ebd7b\" data-element_type=\"widget\" data-e-type=\"widget\" data-widget_type=\"divider.default\">\n\t\t\t\t\t\t\t<div class=\"elementor-divider\">\n\t\t\t<span class=\"elementor-divider-separator\">\n\t\t\t\t\t\t<\/span>\n\t\t<\/div>\n\t\t\t\t\t\t<\/div>\n\t\t\t\t<div class=\"elementor-element elementor-element-b3c36df elementor-arrows-position-outside elementor-widget elementor-widget-image-carousel\" data-id=\"b3c36df\" data-element_type=\"widget\" data-e-type=\"widget\" data-settings=\"{&quot;slides_to_show&quot;:&quot;1&quot;,&quot;navigation&quot;:&quot;arrows&quot;,&quot;autoplay&quot;:&quot;yes&quot;,&quot;pause_on_hover&quot;:&quot;yes&quot;,&quot;pause_on_interaction&quot;:&quot;yes&quot;,&quot;autoplay_speed&quot;:5000,&quot;infinite&quot;:&quot;yes&quot;,&quot;effect&quot;:&quot;slide&quot;,&quot;speed&quot;:500}\" data-widget_type=\"image-carousel.default\">\n\t\t\t\t\t\t\t<div class=\"elementor-image-carousel-wrapper swiper\" role=\"region\" aria-roledescription=\"carousel\" aria-label=\"Carrusel de im\u00e1genes\" dir=\"ltr\">\n\t\t\t<div class=\"elementor-image-carousel swiper-wrapper\" aria-live=\"off\">\n\t\t\t\t\t\t\t\t<div class=\"swiper-slide\" role=\"group\" aria-roledescription=\"slide\" aria-label=\"1 de 14\"><figure class=\"swiper-slide-inner\"><img decoding=\"async\" class=\"swiper-slide-image\" src=\"https:\/\/parquejaimeduque.com\/wp-content\/uploads\/elementor\/thumbs\/DJI_0424-rk64ypwaxcdl39bj70fwisuxiw7l4fpd44naju4qbw.webp\" alt=\"DJI_0424\" \/><\/figure><\/div><div class=\"swiper-slide\" role=\"group\" aria-roledescription=\"slide\" aria-label=\"2 de 14\"><figure class=\"swiper-slide-inner\"><img decoding=\"async\" class=\"swiper-slide-image\" src=\"https:\/\/parquejaimeduque.com\/wp-content\/uploads\/elementor\/thumbs\/IMG_3427-rk64ypwaxcdl39bj70fwisuxiw7l4fpd44naju4qbw.webp\" alt=\"IMG_3427\" \/><\/figure><\/div><div class=\"swiper-slide\" role=\"group\" aria-roledescription=\"slide\" aria-label=\"3 de 14\"><figure class=\"swiper-slide-inner\"><img decoding=\"async\" class=\"swiper-slide-image\" src=\"https:\/\/parquejaimeduque.com\/wp-content\/uploads\/elementor\/thumbs\/DJI_0034_1-rk64ypwaxcdl39bj70fwisuxiw7l4fpd44naju4qbw.webp\" alt=\"DJI_0034_1\" \/><\/figure><\/div><div class=\"swiper-slide\" role=\"group\" aria-roledescription=\"slide\" aria-label=\"4 de 14\"><figure class=\"swiper-slide-inner\"><img decoding=\"async\" class=\"swiper-slide-image\" src=\"https:\/\/parquejaimeduque.com\/wp-content\/uploads\/elementor\/thumbs\/IMG_0978-rk64ypwaxcdl39bj70fwisuxiw7l4fpd44naju4qbw.webp\" alt=\"IMG_0978\" \/><\/figure><\/div><div class=\"swiper-slide\" role=\"group\" aria-roledescription=\"slide\" aria-label=\"5 de 14\"><figure class=\"swiper-slide-inner\"><img decoding=\"async\" class=\"swiper-slide-image\" src=\"https:\/\/parquejaimeduque.com\/wp-content\/uploads\/elementor\/thumbs\/GOPR-1722-rk64ypwaxcdl39bj70fwisuxiw7l4fpd44naju4qbw.webp\" alt=\"GOPR 1722\" \/><\/figure><\/div><div class=\"swiper-slide\" role=\"group\" aria-roledescription=\"slide\" aria-label=\"6 de 14\"><figure class=\"swiper-slide-inner\"><img decoding=\"async\" class=\"swiper-slide-image\" src=\"https:\/\/parquejaimeduque.com\/wp-content\/uploads\/elementor\/thumbs\/IMG_0137-rk64ypwaxcdl39bj70fwisuxiw7l4fpd44naju4qbw.webp\" alt=\"IMG_0137\" \/><\/figure><\/div><div class=\"swiper-slide\" role=\"group\" aria-roledescription=\"slide\" aria-label=\"7 de 14\"><figure class=\"swiper-slide-inner\"><img decoding=\"async\" class=\"swiper-slide-image\" src=\"https:\/\/parquejaimeduque.com\/wp-content\/uploads\/elementor\/thumbs\/IMG_14892-rk64ypwaxcdl39bj70fwisuxiw7l4fpd44naju4qbw.webp\" alt=\"IMG_14892\" \/><\/figure><\/div><div class=\"swiper-slide\" role=\"group\" aria-roledescription=\"slide\" aria-label=\"8 de 14\"><figure class=\"swiper-slide-inner\"><img decoding=\"async\" class=\"swiper-slide-image\" src=\"https:\/\/parquejaimeduque.com\/wp-content\/uploads\/elementor\/thumbs\/IMG_7507-rk64ypwaxcdl39bj70fwisuxiw7l4fpd44naju4qbw.webp\" alt=\"IMG_7507...\" \/><\/figure><\/div><div class=\"swiper-slide\" role=\"group\" aria-roledescription=\"slide\" aria-label=\"9 de 14\"><figure class=\"swiper-slide-inner\"><img decoding=\"async\" class=\"swiper-slide-image\" src=\"https:\/\/parquejaimeduque.com\/wp-content\/uploads\/elementor\/thumbs\/IMG_5343-rk64ypwaxcdl39bj70fwisuxiw7l4fpd44naju4qbw.webp\" alt=\"IMG_5343\" \/><\/figure><\/div><div class=\"swiper-slide\" role=\"group\" aria-roledescription=\"slide\" aria-label=\"10 de 14\"><figure class=\"swiper-slide-inner\"><img decoding=\"async\" class=\"swiper-slide-image\" src=\"https:\/\/parquejaimeduque.com\/wp-content\/uploads\/elementor\/thumbs\/IMG_4927-rk64ypwaxcdl39bj70fwisuxiw7l4fpd44naju4qbw.webp\" alt=\"IMG_4927...\" \/><\/figure><\/div><div class=\"swiper-slide\" role=\"group\" aria-roledescription=\"slide\" aria-label=\"11 de 14\"><figure class=\"swiper-slide-inner\"><img decoding=\"async\" class=\"swiper-slide-image\" src=\"https:\/\/parquejaimeduque.com\/wp-content\/uploads\/elementor\/thumbs\/IMG_2668-rk64ypwaxcdl39bj70fwisuxiw7l4fpd44naju4qbw.webp\" alt=\"IMG_2668\" \/><\/figure><\/div><div class=\"swiper-slide\" role=\"group\" aria-roledescription=\"slide\" aria-label=\"12 de 14\"><figure class=\"swiper-slide-inner\"><img decoding=\"async\" class=\"swiper-slide-image\" src=\"https:\/\/parquejaimeduque.com\/wp-content\/uploads\/elementor\/thumbs\/IMG_0774_1-rk64ypwaxcdl39bj70fwisuxiw7l4fpd44naju4qbw.webp\" alt=\"IMG_0774_1\" \/><\/figure><\/div><div class=\"swiper-slide\" role=\"group\" aria-roledescription=\"slide\" aria-label=\"13 de 14\"><figure class=\"swiper-slide-inner\"><img decoding=\"async\" class=\"swiper-slide-image\" src=\"https:\/\/parquejaimeduque.com\/wp-content\/uploads\/elementor\/thumbs\/Edificio-El-Condor-2-rk64ypwaxcdl39bj70fwisuxiw7l4fpd44naju4qbw.webp\" alt=\"Edif\u00edcio El Condor (2)\" \/><\/figure><\/div><div class=\"swiper-slide\" role=\"group\" aria-roledescription=\"slide\" aria-label=\"14 de 14\"><figure class=\"swiper-slide-inner\"><img decoding=\"async\" class=\"swiper-slide-image\" src=\"https:\/\/parquejaimeduque.com\/wp-content\/uploads\/elementor\/thumbs\/DJI_0810-1-rk64ypwaxcdl39bj70fwisuxiw7l4fpd44naju4qbw.webp\" alt=\"DJI_0810\" \/><\/figure><\/div>\t\t\t<\/div>\n\t\t\t\t\t\t\t\t\t\t\t\t<div class=\"elementor-swiper-button elementor-swiper-button-prev\" role=\"button\" tabindex=\"0\">\n\t\t\t\t\t\t<i aria-hidden=\"true\" class=\"eicon-chevron-left\"><\/i>\t\t\t\t\t<\/div>\n\t\t\t\t\t<div class=\"elementor-swiper-button elementor-swiper-button-next\" role=\"button\" tabindex=\"0\">\n\t\t\t\t\t\t<i aria-hidden=\"true\" class=\"eicon-chevron-right\"><\/i>\t\t\t\t\t<\/div>\n\t\t\t\t\n\t\t\t\t\t\t\t\t\t<\/div>\n\t\t\t\t\t\t<\/div>\n\t\t\t\t<div class=\"elementor-element elementor-element-bd67413 elementor-widget elementor-widget-heading\" data-id=\"bd67413\" data-element_type=\"widget\" data-e-type=\"widget\" data-widget_type=\"heading.default\">\n\t\t\t\t\t<h2 class=\"elementor-heading-title elementor-size-default\">T\u00e9rminos y condiciones del servicio<\/h2>\t\t\t\t<\/div>\n\t\t\t\t<div class=\"elementor-element elementor-element-2644150 elementor-widget-divider--view-line elementor-widget elementor-widget-divider\" data-id=\"2644150\" data-element_type=\"widget\" data-e-type=\"widget\" data-widget_type=\"divider.default\">\n\t\t\t\t\t\t\t<div class=\"elementor-divider\">\n\t\t\t<span class=\"elementor-divider-separator\">\n\t\t\t\t\t\t<\/span>\n\t\t<\/div>\n\t\t\t\t\t\t<\/div>\n\t\t\t\t<div class=\"elementor-element elementor-element-ae39439 elementor-widget elementor-widget-text-editor\" data-id=\"ae39439\" data-element_type=\"widget\" data-e-type=\"widget\" data-widget_type=\"text-editor.default\">\n\t\t\t\t\t\t\t\t\t<p>Por favor tomate el tiempo de leer atentamente todas las condiciones y restricciones antes de adquirir el servicio.<\/p>\t\t\t\t\t\t\t\t<\/div>\n\t\t\t\t<div class=\"elementor-element elementor-element-3281d13 elementor-widget elementor-widget-text-editor\" data-id=\"3281d13\" data-element_type=\"widget\" data-e-type=\"widget\" data-widget_type=\"text-editor.default\">\n\t\t\t\t\t\t\t\t\t<p>Para el proceso de alquiler de locaciones para producciones cinematogr\u00e1ficas deben tener en cuenta las siguientes condiciones:<\/p><p>1. El proceso de montaje, grabaci\u00f3n y desmontaje deber\u00e1 realizarse en lunes o martes.<br \/>2. Las solicitudes de grabaciones ser\u00e1n evaluadas por un comit\u00e9 interno de la Fundaci\u00f3n Parque Jaime Duque, no ser\u00e1 autorizada la grabaci\u00f3n de contenido de car\u00e1cter explicito o que contenga violencia o que no se encuentre alineada con el prop\u00f3sito de la Fundaci\u00f3n.<br \/>3. Seg\u00fan la zona de grabaci\u00f3n, tiempos de montaje y desmontaje, log\u00edstica y necesidades de la producci\u00f3n ser\u00e1 establecido el valor del alquiler.<br \/>4. Por favor al diligenciar tu formulario d\u00e9janos saber todos los datos relacionados con la producci\u00f3n, de esta manera podremos brindar una respuesta m\u00e1s r\u00e1pida.<\/p>\t\t\t\t\t\t\t\t<\/div>\n\t\t\t\t<\/div>\r\n\t\t\t\t\t<\/div>\n\t\t<\/div>\n\t\t\t\t\t\t<\/div>\n\t\t\t\t<div class=\"elementor-element elementor-element-04a97f9 elementor-widget elementor-widget-menu-anchor\" data-id=\"04a97f9\" data-element_type=\"widget\" data-e-type=\"widget\" data-widget_type=\"menu-anchor.default\">\n\t\t\t\t\t\t\t<div class=\"elementor-menu-anchor\" id=\"formulario-alquiler-locaciones\"><\/div>\n\t\t\t\t\t\t<\/div>\n\t\t\t\t\t<\/div>\r\n\t\t\t\t<\/div>\r\n\t\t<div class=\"elementor-element elementor-element-b075f45 e-flex e-con-boxed e-con e-parent\" data-id=\"b075f45\" data-element_type=\"container\" data-e-type=\"container\">\t\t\t<div class=\"e-con-inner\">\r\n\t\t\t\t<div class=\"elementor-element elementor-element-e136e0f elementor-widget elementor-widget-shortcode\" data-id=\"e136e0f\" data-element_type=\"widget\" data-e-type=\"widget\" data-widget_type=\"shortcode.default\">\n\t\t\t\t\t\t\t<div class=\"elementor-shortcode\"><script charset=\"utf-8\" type=\"text\/javascript\" src=\"\/\/js.hsforms.net\/forms\/embed\/v2.js\"><\/script>\n<script>\n  hbspt.forms.create({\n    portalId: \"47163144\",\n    formId: \"303ba628-9715-48f6-95b7-e907c0e87527\",\n    region: \"na1\"\n  });\n<\/script><\/div>\n\t\t\t\t\t\t<\/div>\n\t\t\t\t\t<\/div>\r\n\t\t\t\t<\/div>\r\n\t\t\t\t<\/div>","protected":false},"excerpt":{"rendered":"<p>En el Parque Jaime Duque contamos con escenarios \u00fanicos y jardines llenos de encanto que se convierten en el tel\u00f3n de fondo perfecto para tus fotograf\u00edas o producciones audiovisuales. Ya sea que est\u00e9s planeando una sesi\u00f3n de quince a\u00f1os, preboda o una grabaci\u00f3n cinematogr\u00e1fica, abrimos las puertas de nuestro Parque para que puedas capturar momentos [&hellip;]<\/p>\n","protected":false},"author":1,"featured_media":0,"parent":0,"menu_order":0,"comment_status":"closed","ping_status":"closed","template":"elementor_header_footer","meta":{"footnotes":""},"folder":[166],"class_list":["post-15545","page","type-page","status-publish","hentry"],"yoast_head":"<!-- This site is optimized with the Yoast SEO plugin v27.5 - https:\/\/yoast.com\/product\/yoast-seo-wordpress\/ -->\n<title>Sesiones de fotos y Alquiler de locaciones - Fundaci\u00f3n Parque Jaime Duque<\/title>\n<meta name=\"description\" content=\"Descubre nuestras sesiones de fotos y alquiler de locaciones en el Parque Jaime Duque, ideales para capturar momentos \u00fanicos en escenarios naturales.\" \/>\n<meta name=\"robots\" content=\"index, follow, max-snippet:-1, max-image-preview:large, max-video-preview:-1\" \/>\n<link rel=\"canonical\" href=\"https:\/\/parquejaimeduque.com\/pt\/sesiones-de-fotos-y-alquiler-de-locaciones\/\" \/>\n<meta property=\"og:locale\" content=\"pt_BR\" \/>\n<meta property=\"og:type\" content=\"article\" \/>\n<meta property=\"og:title\" content=\"Sesiones de fotos y Alquiler de locaciones - Fundaci\u00f3n Parque Jaime Duque\" \/>\n<meta property=\"og:description\" content=\"Descubre nuestras sesiones de fotos y alquiler de locaciones en el Parque Jaime Duque, ideales para capturar momentos \u00fanicos en escenarios naturales.\" \/>\n<meta property=\"og:url\" content=\"https:\/\/parquejaimeduque.com\/pt\/sesiones-de-fotos-y-alquiler-de-locaciones\/\" \/>\n<meta property=\"og:site_name\" content=\"Fundaci\u00f3n Parque Jaime Duque\" \/>\n<meta property=\"article:publisher\" content=\"https:\/\/www.facebook.com\/ParqueJaimeDuque\" \/>\n<meta property=\"article:modified_time\" content=\"2026-03-30T14:39:10+00:00\" \/>\n<meta property=\"og:image\" content=\"https:\/\/parquejaimeduque.com\/wp-content\/uploads\/2026\/03\/Banner-Sesiones-de-fotosMesa-de-trabajo-1.webp\" \/>\n\t<meta property=\"og:image:width\" content=\"2400\" \/>\n\t<meta property=\"og:image:height\" content=\"952\" \/>\n\t<meta property=\"og:image:type\" content=\"image\/webp\" \/>\n<meta name=\"twitter:card\" content=\"summary_large_image\" \/>\n<meta name=\"twitter:label1\" content=\"Est. tempo de leitura\" \/>\n\t<meta name=\"twitter:data1\" content=\"19 minutos\" \/>\n<script type=\"application\/ld+json\" class=\"yoast-schema-graph\">{\"@context\":\"https:\\\/\\\/schema.org\",\"@graph\":[{\"@type\":\"WebPage\",\"@id\":\"https:\\\/\\\/parquejaimeduque.com\\\/sesiones-de-fotos-y-alquiler-de-locaciones\\\/\",\"url\":\"https:\\\/\\\/parquejaimeduque.com\\\/sesiones-de-fotos-y-alquiler-de-locaciones\\\/\",\"name\":\"Sesiones de fotos y Alquiler de locaciones - Fundaci\u00f3n Parque Jaime Duque\",\"isPartOf\":{\"@id\":\"https:\\\/\\\/parquejaimeduque.com\\\/#website\"},\"primaryImageOfPage\":{\"@id\":\"https:\\\/\\\/parquejaimeduque.com\\\/sesiones-de-fotos-y-alquiler-de-locaciones\\\/#primaryimage\"},\"image\":{\"@id\":\"https:\\\/\\\/parquejaimeduque.com\\\/sesiones-de-fotos-y-alquiler-de-locaciones\\\/#primaryimage\"},\"thumbnailUrl\":\"https:\\\/\\\/parquejaimeduque.com\\\/wp-content\\\/uploads\\\/2026\\\/03\\\/Banner-Sesiones-de-fotosMesa-de-trabajo-1.webp\",\"datePublished\":\"2025-04-09T14:40:06+00:00\",\"dateModified\":\"2026-03-30T14:39:10+00:00\",\"description\":\"Descubre nuestras sesiones de fotos y alquiler de locaciones en el Parque Jaime Duque, ideales para capturar momentos \u00fanicos en escenarios naturales.\",\"breadcrumb\":{\"@id\":\"https:\\\/\\\/parquejaimeduque.com\\\/sesiones-de-fotos-y-alquiler-de-locaciones\\\/#breadcrumb\"},\"inLanguage\":\"pt-BR\",\"potentialAction\":[{\"@type\":\"ReadAction\",\"target\":[\"https:\\\/\\\/parquejaimeduque.com\\\/sesiones-de-fotos-y-alquiler-de-locaciones\\\/\"]}]},{\"@type\":\"ImageObject\",\"inLanguage\":\"pt-BR\",\"@id\":\"https:\\\/\\\/parquejaimeduque.com\\\/sesiones-de-fotos-y-alquiler-de-locaciones\\\/#primaryimage\",\"url\":\"https:\\\/\\\/parquejaimeduque.com\\\/wp-content\\\/uploads\\\/2026\\\/03\\\/Banner-Sesiones-de-fotosMesa-de-trabajo-1.webp\",\"contentUrl\":\"https:\\\/\\\/parquejaimeduque.com\\\/wp-content\\\/uploads\\\/2026\\\/03\\\/Banner-Sesiones-de-fotosMesa-de-trabajo-1.webp\"},{\"@type\":\"BreadcrumbList\",\"@id\":\"https:\\\/\\\/parquejaimeduque.com\\\/sesiones-de-fotos-y-alquiler-de-locaciones\\\/#breadcrumb\",\"itemListElement\":[{\"@type\":\"ListItem\",\"position\":1,\"name\":\"Inicio\",\"item\":\"https:\\\/\\\/parquejaimeduque.com\\\/\"},{\"@type\":\"ListItem\",\"position\":2,\"name\":\"Sesiones de fotos y Alquiler de locaciones\"}]},{\"@type\":\"WebSite\",\"@id\":\"https:\\\/\\\/parquejaimeduque.com\\\/#website\",\"url\":\"https:\\\/\\\/parquejaimeduque.com\\\/\",\"name\":\"Fundaci\u00f3n Parque Jaime Duque\",\"description\":\"Somos una entidad sin \u00e1nimo de lucro, 100% colombiana que trabaja por la conservaci\u00f3n de la familia y el bienestar social, de la naturaleza y de la cultura, con el \u00fanico objetivo de servir a la comunidad promoviendo el bienestar de las generaciones actuales y futuras.\",\"publisher\":{\"@id\":\"https:\\\/\\\/parquejaimeduque.com\\\/#organization\"},\"potentialAction\":[{\"@type\":\"SearchAction\",\"target\":{\"@type\":\"EntryPoint\",\"urlTemplate\":\"https:\\\/\\\/parquejaimeduque.com\\\/?s={search_term_string}\"},\"query-input\":{\"@type\":\"PropertyValueSpecification\",\"valueRequired\":true,\"valueName\":\"search_term_string\"}}],\"inLanguage\":\"pt-BR\"},{\"@type\":\"Organization\",\"@id\":\"https:\\\/\\\/parquejaimeduque.com\\\/#organization\",\"name\":\"Fundaci\u00f3n Parque Jaime Duque\",\"url\":\"https:\\\/\\\/parquejaimeduque.com\\\/\",\"logo\":{\"@type\":\"ImageObject\",\"inLanguage\":\"pt-BR\",\"@id\":\"https:\\\/\\\/parquejaimeduque.com\\\/#\\\/schema\\\/logo\\\/image\\\/\",\"url\":\"https:\\\/\\\/parquejaimeduque.com\\\/wp-content\\\/uploads\\\/2025\\\/02\\\/cropped-Logo-FPJD-512-1.png\",\"contentUrl\":\"https:\\\/\\\/parquejaimeduque.com\\\/wp-content\\\/uploads\\\/2025\\\/02\\\/cropped-Logo-FPJD-512-1.png\",\"width\":512,\"height\":512,\"caption\":\"Fundaci\u00f3n Parque Jaime Duque\"},\"image\":{\"@id\":\"https:\\\/\\\/parquejaimeduque.com\\\/#\\\/schema\\\/logo\\\/image\\\/\"},\"sameAs\":[\"https:\\\/\\\/www.facebook.com\\\/ParqueJaimeDuque\",\"https:\\\/\\\/www.instagram.com\\\/parquejaimeduque\\\/\",\"https:\\\/\\\/www.tiktok.com\\\/@parquejaimeduque?_t=8WWpzcM9XE6&_r=1\",\"https:\\\/\\\/www.youtube.com\\\/user\\\/rtorres48\",\"https:\\\/\\\/co.linkedin.com\\\/company\\\/fundacion-parque-jaime-duque?trk=similar-pages\"]}]}<\/script>\n<!-- \/ Yoast SEO plugin. -->","yoast_head_json":{"title":"Sesiones de fotos y Alquiler de locaciones - Fundaci\u00f3n Parque Jaime Duque","description":"Descubre nuestras sesiones de fotos y alquiler de locaciones en el Parque Jaime Duque, ideales para capturar momentos \u00fanicos en escenarios naturales.","robots":{"index":"index","follow":"follow","max-snippet":"max-snippet:-1","max-image-preview":"max-image-preview:large","max-video-preview":"max-video-preview:-1"},"canonical":"https:\/\/parquejaimeduque.com\/pt\/sesiones-de-fotos-y-alquiler-de-locaciones\/","og_locale":"pt_BR","og_type":"article","og_title":"Sesiones de fotos y Alquiler de locaciones - Fundaci\u00f3n Parque Jaime Duque","og_description":"Descubre nuestras sesiones de fotos y alquiler de locaciones en el Parque Jaime Duque, ideales para capturar momentos \u00fanicos en escenarios naturales.","og_url":"https:\/\/parquejaimeduque.com\/pt\/sesiones-de-fotos-y-alquiler-de-locaciones\/","og_site_name":"Fundaci\u00f3n Parque Jaime Duque","article_publisher":"https:\/\/www.facebook.com\/ParqueJaimeDuque","article_modified_time":"2026-03-30T14:39:10+00:00","og_image":[{"width":2400,"height":952,"url":"https:\/\/parquejaimeduque.com\/wp-content\/uploads\/2026\/03\/Banner-Sesiones-de-fotosMesa-de-trabajo-1.webp","type":"image\/webp"}],"twitter_card":"summary_large_image","twitter_misc":{"Est. tempo de leitura":"19 minutos"},"schema":{"@context":"https:\/\/schema.org","@graph":[{"@type":"WebPage","@id":"https:\/\/parquejaimeduque.com\/sesiones-de-fotos-y-alquiler-de-locaciones\/","url":"https:\/\/parquejaimeduque.com\/sesiones-de-fotos-y-alquiler-de-locaciones\/","name":"Sesiones de fotos y Alquiler de locaciones - Fundaci\u00f3n Parque Jaime Duque","isPartOf":{"@id":"https:\/\/parquejaimeduque.com\/#website"},"primaryImageOfPage":{"@id":"https:\/\/parquejaimeduque.com\/sesiones-de-fotos-y-alquiler-de-locaciones\/#primaryimage"},"image":{"@id":"https:\/\/parquejaimeduque.com\/sesiones-de-fotos-y-alquiler-de-locaciones\/#primaryimage"},"thumbnailUrl":"https:\/\/parquejaimeduque.com\/wp-content\/uploads\/2026\/03\/Banner-Sesiones-de-fotosMesa-de-trabajo-1.webp","datePublished":"2025-04-09T14:40:06+00:00","dateModified":"2026-03-30T14:39:10+00:00","description":"Descubre nuestras sesiones de fotos y alquiler de locaciones en el Parque Jaime Duque, ideales para capturar momentos \u00fanicos en escenarios naturales.","breadcrumb":{"@id":"https:\/\/parquejaimeduque.com\/sesiones-de-fotos-y-alquiler-de-locaciones\/#breadcrumb"},"inLanguage":"pt-BR","potentialAction":[{"@type":"ReadAction","target":["https:\/\/parquejaimeduque.com\/sesiones-de-fotos-y-alquiler-de-locaciones\/"]}]},{"@type":"ImageObject","inLanguage":"pt-BR","@id":"https:\/\/parquejaimeduque.com\/sesiones-de-fotos-y-alquiler-de-locaciones\/#primaryimage","url":"https:\/\/parquejaimeduque.com\/wp-content\/uploads\/2026\/03\/Banner-Sesiones-de-fotosMesa-de-trabajo-1.webp","contentUrl":"https:\/\/parquejaimeduque.com\/wp-content\/uploads\/2026\/03\/Banner-Sesiones-de-fotosMesa-de-trabajo-1.webp"},{"@type":"BreadcrumbList","@id":"https:\/\/parquejaimeduque.com\/sesiones-de-fotos-y-alquiler-de-locaciones\/#breadcrumb","itemListElement":[{"@type":"ListItem","position":1,"name":"Inicio","item":"https:\/\/parquejaimeduque.com\/"},{"@type":"ListItem","position":2,"name":"Sesiones de fotos y Alquiler de locaciones"}]},{"@type":"WebSite","@id":"https:\/\/parquejaimeduque.com\/#website","url":"https:\/\/parquejaimeduque.com\/","name":"Funda\u00e7\u00e3o Parque Jaime Duque","description":"Somos uma organiza\u00e7\u00e3o colombiana sem fins lucrativos que trabalha para a conserva\u00e7\u00e3o da fam\u00edlia e do bem-estar social, da natureza e da cultura, com o \u00fanico objetivo de servir a comunidade e promover o bem-estar das gera\u00e7\u00f5es atuais e futuras.","publisher":{"@id":"https:\/\/parquejaimeduque.com\/#organization"},"potentialAction":[{"@type":"SearchAction","target":{"@type":"EntryPoint","urlTemplate":"https:\/\/parquejaimeduque.com\/?s={search_term_string}"},"query-input":{"@type":"PropertyValueSpecification","valueRequired":true,"valueName":"search_term_string"}}],"inLanguage":"pt-BR"},{"@type":"Organization","@id":"https:\/\/parquejaimeduque.com\/#organization","name":"Funda\u00e7\u00e3o Parque Jaime Duque","url":"https:\/\/parquejaimeduque.com\/","logo":{"@type":"ImageObject","inLanguage":"pt-BR","@id":"https:\/\/parquejaimeduque.com\/#\/schema\/logo\/image\/","url":"https:\/\/parquejaimeduque.com\/wp-content\/uploads\/2025\/02\/cropped-Logo-FPJD-512-1.png","contentUrl":"https:\/\/parquejaimeduque.com\/wp-content\/uploads\/2025\/02\/cropped-Logo-FPJD-512-1.png","width":512,"height":512,"caption":"Fundaci\u00f3n Parque Jaime Duque"},"image":{"@id":"https:\/\/parquejaimeduque.com\/#\/schema\/logo\/image\/"},"sameAs":["https:\/\/www.facebook.com\/ParqueJaimeDuque","https:\/\/www.instagram.com\/parquejaimeduque\/","https:\/\/www.tiktok.com\/@parquejaimeduque?_t=8WWpzcM9XE6&_r=1","https:\/\/www.youtube.com\/user\/rtorres48","https:\/\/co.linkedin.com\/company\/fundacion-parque-jaime-duque?trk=similar-pages"]}]}},"_links":{"self":[{"href":"https:\/\/parquejaimeduque.com\/pt\/wp-json\/wp\/v2\/pages\/15545","targetHints":{"allow":["GET"]}}],"collection":[{"href":"https:\/\/parquejaimeduque.com\/pt\/wp-json\/wp\/v2\/pages"}],"about":[{"href":"https:\/\/parquejaimeduque.com\/pt\/wp-json\/wp\/v2\/types\/page"}],"author":[{"embeddable":true,"href":"https:\/\/parquejaimeduque.com\/pt\/wp-json\/wp\/v2\/users\/1"}],"replies":[{"embeddable":true,"href":"https:\/\/parquejaimeduque.com\/pt\/wp-json\/wp\/v2\/comments?post=15545"}],"version-history":[{"count":0,"href":"https:\/\/parquejaimeduque.com\/pt\/wp-json\/wp\/v2\/pages\/15545\/revisions"}],"wp:attachment":[{"href":"https:\/\/parquejaimeduque.com\/pt\/wp-json\/wp\/v2\/media?parent=15545"}],"wp:term":[{"taxonomy":"folder","embeddable":true,"href":"https:\/\/parquejaimeduque.com\/pt\/wp-json\/wp\/v2\/folder?post=15545"}],"curies":[{"name":"wp","href":"https:\/\/api.w.org\/{rel}","templated":true}]}}